{"id":302,"date":"2020-12-16T06:58:50","date_gmt":"2020-12-16T06:58:50","guid":{"rendered":"https:\/\/themegrilldemos.com\/accelerate\/?page_id=2"},"modified":"2026-04-12T14:28:43","modified_gmt":"2026-04-12T14:28:43","slug":"sample-page-3","status":"publish","type":"page","link":"https:\/\/kukulele.net\/?page_id=302","title":{"rendered":"Kukulele 2026"},"content":{"rendered":"\n<p>T\u00e4st\u00e4 voit jatkossa lukea kes\u00e4n 2026 tietoja, nyt viel\u00e4 viime kes\u00e4n juttuja n\u00e4kyvill\u00e4.<\/p>\n\n\n\n<h2 class=\"wp-block-heading has-accent-color has-text-color has-link-color wp-elements-4c29ebf54614530cda54b56c8d0fb38a\" id=\"ukulele-yhdistaa-kaikki-perjantaina-ja-lauantaina-2-3-8-2019tervetuloa-karkkilaan-suomen-ukulelepaakaupunkiin\"><strong>1.8. &#8211; 2.8.2025 <\/strong>Kukulele 10 vuotta!<\/h2>\n\n\n\n<p><strong>Kukulele-bingo tiistaina 29.7.2025 Paikkana ravintola Nok<\/strong>i<\/p>\n\n\n\n<p><strong>Kirkkokonsertti perjantaina 1.8.2025<\/strong><\/p>\n\n\n\n<p><strong>Kukulele-festivaali lauantaina 2.8.2025<\/strong><br>Ala-Emali, Konepajasali<br>Esiintyj\u00e4t:<br>Cappuccino<br>Karkkilan I Ukuleleorkesteri<br>Kouvolan uket<br>Ukulissut<br>Old Man\u2019s Tale<br>Hiiduke<br>U3<br>Tervauket<br>Ukulele Alisa<br>Van Uke<br>Lauantain ei-toivotut<br>Saloha<br>Sakari Kuosmanen + Engberg &amp; Julkunen<\/p>\n\n\n\n<p>Lis\u00e4\u00e4 esiintyji\u00e4 tulossa!<\/p>\n\n\n\n<pre class=\"wp-block-code\"><code><\/code><\/pre>\n\n\n\n<div class=\"wp-block-group is-nowrap is-layout-flex wp-container-core-group-is-layout-ad2f72ca wp-block-group-is-layout-flex\"><div class=\"cff-wrapper\">\t<div id=\"cff-visual-header-803962709664816\" class=\"cff-visual-header cff-has-name cff-has-about cff-has-cover\">\n\t\t\t\t\t\t<div class=\"cff-header-hero\">\n\t\t\t<img decoding=\"async\" src=\"https:\/\/scontent-hel3-1.xx.fbcdn.net\/v\/t39.30808-6\/491949789_1124228839506879_8965370522028474031_n.jpg?_nc_cat=100&#038;ccb=1-7&#038;_nc_sid=351699&#038;_nc_ohc=XBzZS9anV4wQ7kNvwFZzvub&#038;_nc_oc=AdqSss8eIwXjcMGAMvluCZr0_XuQhBbBJMwbCY0ew9StpnDGmyC4jb8D6yYS8c7Khas&#038;_nc_zt=23&#038;_nc_ht=scontent-hel3-1.xx&#038;edm=AJdBtusEAAAA&#038;_nc_gid=selX5Y9cCjz3-fTwKpXqPA&#038;_nc_tpa=Q5bMBQEpXEuLJaJjjJ7Nl60d2-DGtJaIB3aUILRolnwlzdrSGL4QgrnCaVnpwZ98DMEQoVmCPpfaHAPw4w&#038;oh=00_Af4JDXINyFgTnVJ7J-cjYWo2XajFcPaUHC6-okP5rCTEvA&#038;oe=69FB808F\" alt=\"Cover for Kukulele\" data-cover-url=\"https:\/\/scontent-hel3-1.xx.fbcdn.net\/v\/t39.30808-6\/491949789_1124228839506879_8965370522028474031_n.jpg?_nc_cat=100&#038;ccb=1-7&#038;_nc_sid=351699&#038;_nc_ohc=XBzZS9anV4wQ7kNvwFZzvub&#038;_nc_oc=AdqSss8eIwXjcMGAMvluCZr0_XuQhBbBJMwbCY0ew9StpnDGmyC4jb8D6yYS8c7Khas&#038;_nc_zt=23&#038;_nc_ht=scontent-hel3-1.xx&#038;edm=AJdBtusEAAAA&#038;_nc_gid=selX5Y9cCjz3-fTwKpXqPA&#038;_nc_tpa=Q5bMBQEpXEuLJaJjjJ7Nl60d2-DGtJaIB3aUILRolnwlzdrSGL4QgrnCaVnpwZ98DMEQoVmCPpfaHAPw4w&#038;oh=00_Af4JDXINyFgTnVJ7J-cjYWo2XajFcPaUHC6-okP5rCTEvA&#038;oe=69FB808F\">\n\t\t\t\t\t\t<div class=\"cff-likes-box\">\n\t\t\t\t<div class=\"cff-square-logo\"><svg aria-hidden=\"true\" focusable=\"false\" data-prefix=\"fab\" data-icon=\"facebook-square\" role=\"img\" xmlns=\"http:\/\/www.w3.org\/2000\/svg\" viewBox=\"0 0 448 512\" class=\"svg-inline--fa fa-facebook-square fa-w-14\"><path fill=\"currentColor\" d=\"M400 32H48A48 48 0 0 0 0 80v352a48 48 0 0 0 48 48h137.25V327.69h-63V256h63v-54.64c0-62.15 37-96.48 93.67-96.48 27.14 0 55.52 4.84 55.52 4.84v61h-31.27c-30.81 0-40.42 19.12-40.42 38.73V256h68.78l-11 71.69h-57.78V480H400a48 48 0 0 0 48-48V80a48 48 0 0 0-48-48z\" class=\"\"><\/path><\/svg><\/div>\n\t\t\t\t<div class=\"cff-likes-count\">\n\t\t\t\t\t798\t\t\t\t<\/div>\n\t\t\t<\/div>\n\t\t\t\t\t<\/div>\n\t\t\t\t<div class=\"cff-header-inner-wrap\">\n\t\t\t\t\t\t\t<div class=\"cff-header-img\">\n\t\t\t\t\t<a href=\"https:\/\/www.facebook.com\/803962709664816\" target=\"_blank\" rel=\"nofollow noopener\" title=\"Kukulele\"><img decoding=\"async\" src=\"https:\/\/scontent-hel3-1.xx.fbcdn.net\/v\/t39.30808-1\/297375420_507329781196791_3969093464410182093_n.jpg?stp=dst-jpg_s160x160_tt6&#038;_nc_cat=103&#038;ccb=1-7&#038;_nc_sid=08baa4&#038;_nc_ohc=7z4Jr82iDYUQ7kNvwGWqEDv&#038;_nc_oc=AdpX3cuPfCIK925qs5WRq2sz8OyqktV3TKu7u2GxJsIf2HJh1J2UYxrmo6BPBoC_JhY&#038;_nc_zt=24&#038;_nc_ht=scontent-hel3-1.xx&#038;edm=AJdBtusEAAAA&#038;_nc_gid=selX5Y9cCjz3-fTwKpXqPA&#038;_nc_tpa=Q5bMBQG4pTt6diZBRUSlUKE4uUX4LkQs06kSe1Eha7Px89xf9cBL3dS3SpQmSwgRd4sPVUAi44HwXdfZ_w&#038;oh=00_Af7QKGd2a2xOhl76CTMrc9vXogWI2ulgBlKAW9AIbJWJIg&#038;oe=69FB92A4\" alt=\"Kukulele\" data-avatar=\"https:\/\/scontent-hel3-1.xx.fbcdn.net\/v\/t39.30808-1\/297375420_507329781196791_3969093464410182093_n.jpg?stp=dst-jpg_s160x160_tt6&#038;_nc_cat=103&#038;ccb=1-7&#038;_nc_sid=08baa4&#038;_nc_ohc=7z4Jr82iDYUQ7kNvwGWqEDv&#038;_nc_oc=AdpX3cuPfCIK925qs5WRq2sz8OyqktV3TKu7u2GxJsIf2HJh1J2UYxrmo6BPBoC_JhY&#038;_nc_zt=24&#038;_nc_ht=scontent-hel3-1.xx&#038;edm=AJdBtusEAAAA&#038;_nc_gid=selX5Y9cCjz3-fTwKpXqPA&#038;_nc_tpa=Q5bMBQG4pTt6diZBRUSlUKE4uUX4LkQs06kSe1Eha7Px89xf9cBL3dS3SpQmSwgRd4sPVUAi44HwXdfZ_w&#038;oh=00_Af7QKGd2a2xOhl76CTMrc9vXogWI2ulgBlKAW9AIbJWJIg&#038;oe=69FB92A4\"><\/a>\n\t\t\t\t<\/div>\n\t\t\t\t\t\t<div class=\"cff-header-text\" >\n\n\t\t\t\t\t\t\t<a href=\"https:\/\/www.facebook.com\/803962709664816\" target=\"_blank\" rel=\"nofollow noopener\" title=\"Kukulele\" class=\"cff-header-name\"><h3 style=\"font-size:inheritpx;\">Kukulele<\/h3><\/a>\n\t\t\t\t\t\t\t\t\t\t\t\t\t<p class=\"cff-bio\">Kukulele on Karkkilassa j\u00e4rjestett\u00e4v\u00e4 ukulelefestivaali. Festivaali on j\u00e4rjestetty elokuun alussa, vuodesta 2015 l\u00e4htien. <\/p>\n\t\t\t\t\t\t<\/div>\n\t\t<\/div>\n\t<\/div>\n<div class=\"cff-wrapper-ctn \" ><div id=\"cff\"  class=\"cff cff-list-container cff-masonry masonry-2-tablet cff-masonry-js cff-default-styles  cff-mob-cols-1\"   style=\"width:100%;\"   data-char=\"400\"  data-nummobile=\"5\" data-pag-num=\"10\" ><div class=\"cff-posts-wrap\"><div id=\"cff_803962709664816_1207368507859578\" class=\"cff-item cff-status-post author-kukulele\"  style=\"border-bottom: 1px solid #ddd;\">\n\t<div class=\"cff-author\">\n\t<div class=\"cff-author-text\">\n\t\t\t\t\t<div class=\"cff-page-name cff-author-date\" >\n\t\t\t\t<a href=\"https:\/\/facebook.com\/803962709664816\" target=\"_blank\" rel=\"nofollow noopener\" >Kukulele<\/a>\n\t\t\t\t<span class=\"cff-story\"> <\/span>\n\t\t\t<\/div>\n\t\t\t\n<p class=\"cff-date\" > 9 months ago <\/p>\n\t\t\t<\/div>\n\t<div class=\"cff-author-img \" data-avatar=\"https:\/\/scontent-hel3-1.xx.fbcdn.net\/v\/t39.30808-1\/297375420_507329781196791_3969093464410182093_n.jpg?stp=cp0_dst-jpg_s50x50_tt6&#038;_nc_cat=103&#038;ccb=1-7&#038;_nc_sid=f907e8&#038;_nc_ohc=7z4Jr82iDYUQ7kNvwGWqEDv&#038;_nc_oc=AdpX3cuPfCIK925qs5WRq2sz8OyqktV3TKu7u2GxJsIf2HJh1J2UYxrmo6BPBoC_JhY&#038;_nc_zt=24&#038;_nc_ht=scontent-hel3-1.xx&#038;edm=AKIiGfEEAAAA&#038;_nc_gid=Jc69cvmsin_-fM-ixb8i4g&#038;_nc_tpa=Q5bMBQEL0yiPHCsYzsLYYQppVHUtQavcOG3CAH3SGqxp32Nr3DgKf6ndzIiqeYn_26X-VenV0VxYP0T9qA&#038;oh=00_Af4r3uJARoMocbyq4fkH6Rxpkh7MvvJlhl8OVBydRBmPUw&#038;oe=69FA08E4\">\n\t\t<a href=\"https:\/\/facebook.com\/803962709664816\" target=\"_blank\" rel=\"nofollow noopener\" ><img decoding=\"async\" src=\"https:\/\/scontent-hel3-1.xx.fbcdn.net\/v\/t39.30808-1\/297375420_507329781196791_3969093464410182093_n.jpg?stp=cp0_dst-jpg_s50x50_tt6&#038;_nc_cat=103&#038;ccb=1-7&#038;_nc_sid=f907e8&#038;_nc_ohc=7z4Jr82iDYUQ7kNvwGWqEDv&#038;_nc_oc=AdpX3cuPfCIK925qs5WRq2sz8OyqktV3TKu7u2GxJsIf2HJh1J2UYxrmo6BPBoC_JhY&#038;_nc_zt=24&#038;_nc_ht=scontent-hel3-1.xx&#038;edm=AKIiGfEEAAAA&#038;_nc_gid=Jc69cvmsin_-fM-ixb8i4g&#038;_nc_tpa=Q5bMBQEL0yiPHCsYzsLYYQppVHUtQavcOG3CAH3SGqxp32Nr3DgKf6ndzIiqeYn_26X-VenV0VxYP0T9qA&#038;oh=00_Af4r3uJARoMocbyq4fkH6Rxpkh7MvvJlhl8OVBydRBmPUw&#038;oe=69FA08E4\" title=\"Kukulele\" alt=\"Kukulele\" width=40 height=40 onerror=\"this.style.display='none'\"><\/a>\n\t<\/div>\n<\/div>\n\n<div class=\"cff-post-text\" >\n\t<span class=\"cff-text\" data-color=\"\">\n\t\tKukulele10-v kiitt\u00e4\u00e4 - oli mukava festari perjantaista lauantaihin. Kiitos ihanille esiintyjille ja yleis\u00f6lle - kaikille tutuille ja uusille tuttavuuksille ketk\u00e4  k\u00e4vitte konserteissa perjantaina ja lauantaina.<img class=\"cff-linebreak\" \/>Ja tietty tapahtumamme tukijoille.\t\t\t<\/span>\n\t<span class=\"cff-expand\">... <a href=\"#\" style=\"color: #\"><span class=\"cff-more\">See More<\/span><span class=\"cff-less\">See Less<\/span><\/a><\/span>\n\n<\/div>\n\n\t<div class=\"cff-post-links\">\n\t\t\t\t\t<a class=\"cff-viewpost-facebook\" href=\"https:\/\/facebook.com\/803962709664816\" title=\"View on Facebook\" target=\"_blank\" rel=\"nofollow noopener\" >View on Facebook<\/a>\n\t\t\t\t\t\t\t<div class=\"cff-share-container\">\n\t\t\t\t\t\t\t\t\t<span class=\"cff-dot\" >&middot;<\/span>\n\t\t\t\t\t\t\t\t<a class=\"cff-share-link\" href=\"https:\/\/www.facebook.com\/sharer\/sharer.php?u=https%3A%2F%2Ffacebook.com%2F803962709664816\" title=\"Share\" >Share<\/a>\n\t\t\t\t<p class=\"cff-share-tooltip\">\n\t\t\t\t\t\t\t\t\t\t\t<a href=\"https:\/\/www.facebook.com\/sharer\/sharer.php?u=https%3A%2F%2Ffacebook.com%2F803962709664816\" target=\"_blank\" rel=\"noopener noreferrer\" class=\"cff-facebook-icon\">\n\t\t\t\t\t\t\t<span class=\"fa fab fa-facebook-square\" aria-hidden=\"true\"><\/span>\n\t\t\t\t\t\t\t<span class=\"cff-screenreader\">Share on Facebook<\/span>\n\t\t\t\t\t\t<\/a>\n\t\t\t\t\t\t\t\t\t\t\t<a href=\"https:\/\/twitter.com\/intent\/tweet?text=https%3A%2F%2Ffacebook.com%2F803962709664816\" target=\"_blank\" rel=\"noopener noreferrer\" class=\"cff-twitter-icon\">\n\t\t\t\t\t\t\t<span class=\"fa fab fa-twitter\" aria-hidden=\"true\"><\/span>\n\t\t\t\t\t\t\t<span class=\"cff-screenreader\">Share on Twitter<\/span>\n\t\t\t\t\t\t<\/a>\n\t\t\t\t\t\t\t\t\t\t\t<a href=\"https:\/\/www.linkedin.com\/shareArticle?mini=true&#038;url=https%3A%2F%2Ffacebook.com%2F803962709664816&#038;title=%09%09%09Kukulele10-v%20kiitt%C3%A4%C3%A4%20-%20oli%20mukava%20festari%20perjantaista%20lauantaihin.%20Kiitos%20ihanille%20esiintyjille%20ja%20yleis%C3%B6lle%20-%20kaikille%20tutuille%20ja%20uusille%20tuttavuuksille%20ketk%C3%A4%20%20k%C3%A4vitte%20konserteissa%20perjantaina%20ja%20lauantaina.Ja%20tietty%20tapahtumamme%20tukijoille.%09%09%09%09\" target=\"_blank\" rel=\"noopener noreferrer\" class=\"cff-linkedin-icon\">\n\t\t\t\t\t\t\t<span class=\"fa fab fa-linkedin\" aria-hidden=\"true\"><\/span>\n\t\t\t\t\t\t\t<span class=\"cff-screenreader\">Share on Linked In<\/span>\n\t\t\t\t\t\t<\/a>\n\t\t\t\t\t\t\t\t\t\t\t<a href=\"mailto:?subject=Facebook&#038;body=https%3A%2F%2Ffacebook.com%2F803962709664816%20-%20%0A%0A%09%0A%09%09Kukulele10-v%20kiitt%C3%A4%C3%A4%20-%20oli%20mukava%20festari%20perjantaista%20lauantaihin.%20Kiitos%20ihanille%20esiintyjille%20ja%20yleis%C3%B6lle%20-%20kaikille%20tutuille%20ja%20uusille%20tuttavuuksille%20ketk%C3%A4%20%20k%C3%A4vitte%20konserteissa%20perjantaina%20ja%20lauantaina.Ja%20tietty%20tapahtumamme%20tukijoille.%09%09%09%0A%09\" target=\"_blank\" rel=\"noopener noreferrer\" class=\"cff-email-icon\">\n\t\t\t\t\t\t\t<span class=\"fa fab fa-envelope\" aria-hidden=\"true\"><\/span>\n\t\t\t\t\t\t\t<span class=\"cff-screenreader\">Share by Email<\/span>\n\t\t\t\t\t\t<\/a>\n\t\t\t\t\t\t\t\t\t<\/p>\n\t\t\t<\/div>\n\t\t\t<\/div>\n\t<\/div>\n\n\n\n<div id=\"cff_803962709664816_1206258974637198\" class=\"cff-item cff-video-post author-kukulele\"  style=\"border-bottom: 1px solid #ddd;\">\n\t<div class=\"cff-author\">\n\t<div class=\"cff-author-text\">\n\t\t\t\t\t<div class=\"cff-page-name cff-author-date\" >\n\t\t\t\t<a href=\"https:\/\/facebook.com\/803962709664816\" target=\"_blank\" rel=\"nofollow noopener\" >Kukulele<\/a>\n\t\t\t\t<span class=\"cff-story\"> <\/span>\n\t\t\t<\/div>\n\t\t\t\n<p class=\"cff-date\" > 9 months ago <\/p>\n\t\t\t<\/div>\n\t<div class=\"cff-author-img \" data-avatar=\"https:\/\/scontent-hel3-1.xx.fbcdn.net\/v\/t39.30808-1\/297375420_507329781196791_3969093464410182093_n.jpg?stp=cp0_dst-jpg_s50x50_tt6&#038;_nc_cat=103&#038;ccb=1-7&#038;_nc_sid=f907e8&#038;_nc_ohc=7z4Jr82iDYUQ7kNvwGWqEDv&#038;_nc_oc=AdpX3cuPfCIK925qs5WRq2sz8OyqktV3TKu7u2GxJsIf2HJh1J2UYxrmo6BPBoC_JhY&#038;_nc_zt=24&#038;_nc_ht=scontent-hel3-1.xx&#038;edm=AKIiGfEEAAAA&#038;_nc_gid=Jc69cvmsin_-fM-ixb8i4g&#038;_nc_tpa=Q5bMBQEL0yiPHCsYzsLYYQppVHUtQavcOG3CAH3SGqxp32Nr3DgKf6ndzIiqeYn_26X-VenV0VxYP0T9qA&#038;oh=00_Af4r3uJARoMocbyq4fkH6Rxpkh7MvvJlhl8OVBydRBmPUw&#038;oe=69FA08E4\">\n\t\t<a href=\"https:\/\/facebook.com\/803962709664816\" target=\"_blank\" rel=\"nofollow noopener\" ><img decoding=\"async\" src=\"https:\/\/scontent-hel3-1.xx.fbcdn.net\/v\/t39.30808-1\/297375420_507329781196791_3969093464410182093_n.jpg?stp=cp0_dst-jpg_s50x50_tt6&#038;_nc_cat=103&#038;ccb=1-7&#038;_nc_sid=f907e8&#038;_nc_ohc=7z4Jr82iDYUQ7kNvwGWqEDv&#038;_nc_oc=AdpX3cuPfCIK925qs5WRq2sz8OyqktV3TKu7u2GxJsIf2HJh1J2UYxrmo6BPBoC_JhY&#038;_nc_zt=24&#038;_nc_ht=scontent-hel3-1.xx&#038;edm=AKIiGfEEAAAA&#038;_nc_gid=Jc69cvmsin_-fM-ixb8i4g&#038;_nc_tpa=Q5bMBQEL0yiPHCsYzsLYYQppVHUtQavcOG3CAH3SGqxp32Nr3DgKf6ndzIiqeYn_26X-VenV0VxYP0T9qA&#038;oh=00_Af4r3uJARoMocbyq4fkH6Rxpkh7MvvJlhl8OVBydRBmPUw&#038;oe=69FA08E4\" title=\"Kukulele\" alt=\"Kukulele\" width=40 height=40 onerror=\"this.style.display='none'\"><\/a>\n\t<\/div>\n<\/div>\n\n<div class=\"cff-post-text\" >\n\t<span class=\"cff-text\" data-color=\"\">\n\t\tHyv\u00e4\u00e4 musaa ja hilpe\u00e4 meininki Karkkilan konepajahallilla nyt\t\t\t<\/span>\n\t<span class=\"cff-expand\">... <a href=\"#\" style=\"color: #\"><span class=\"cff-more\">See More<\/span><span class=\"cff-less\">See Less<\/span><\/a><\/span>\n\n<\/div>\n\n<p class=\"cff-media-link\">\n\t<a href=\"https:\/\/www.facebook.com\/803962709664816\/posts\/1206258974637198\" target=\"_blank\" style=\"color: #\">\n\t\t<span style=\"padding-right: 5px;\" class=\"fa fas fa-video-camera fa-video\"><\/span>Video\t<\/a>\n<\/p>\n\t\t<div class=\"cff-post-links\">\n\t\t\t\t\t<a class=\"cff-viewpost-facebook\" href=\"https:\/\/www.facebook.com\/803962709664816\/posts\/1206258974637198\" title=\"View on Facebook\" target=\"_blank\" rel=\"nofollow noopener\" >View on Facebook<\/a>\n\t\t\t\t\t\t\t<div class=\"cff-share-container\">\n\t\t\t\t\t\t\t\t\t<span class=\"cff-dot\" >&middot;<\/span>\n\t\t\t\t\t\t\t\t<a class=\"cff-share-link\" href=\"https:\/\/www.facebook.com\/sharer\/sharer.php?u=https%3A%2F%2Fwww.facebook.com%2F803962709664816%2Fposts%2F1206258974637198\" title=\"Share\" >Share<\/a>\n\t\t\t\t<p class=\"cff-share-tooltip\">\n\t\t\t\t\t\t\t\t\t\t\t<a href=\"https:\/\/www.facebook.com\/sharer\/sharer.php?u=https%3A%2F%2Fwww.facebook.com%2F803962709664816%2Fposts%2F1206258974637198\" target=\"_blank\" rel=\"noopener noreferrer\" class=\"cff-facebook-icon\">\n\t\t\t\t\t\t\t<span class=\"fa fab fa-facebook-square\" aria-hidden=\"true\"><\/span>\n\t\t\t\t\t\t\t<span class=\"cff-screenreader\">Share on Facebook<\/span>\n\t\t\t\t\t\t<\/a>\n\t\t\t\t\t\t\t\t\t\t\t<a href=\"https:\/\/twitter.com\/intent\/tweet?text=https%3A%2F%2Fwww.facebook.com%2F803962709664816%2Fposts%2F1206258974637198\" target=\"_blank\" rel=\"noopener noreferrer\" class=\"cff-twitter-icon\">\n\t\t\t\t\t\t\t<span class=\"fa fab fa-twitter\" aria-hidden=\"true\"><\/span>\n\t\t\t\t\t\t\t<span class=\"cff-screenreader\">Share on Twitter<\/span>\n\t\t\t\t\t\t<\/a>\n\t\t\t\t\t\t\t\t\t\t\t<a href=\"https:\/\/www.linkedin.com\/shareArticle?mini=true&#038;url=https%3A%2F%2Fwww.facebook.com%2F803962709664816%2Fposts%2F1206258974637198&#038;title=%09%09%09Hyv%C3%A4%C3%A4%20musaa%20ja%20hilpe%C3%A4%20meininki%20Karkkilan%20konepajahallilla%20nyt%09%09%09%09\" target=\"_blank\" rel=\"noopener noreferrer\" class=\"cff-linkedin-icon\">\n\t\t\t\t\t\t\t<span class=\"fa fab fa-linkedin\" aria-hidden=\"true\"><\/span>\n\t\t\t\t\t\t\t<span class=\"cff-screenreader\">Share on Linked In<\/span>\n\t\t\t\t\t\t<\/a>\n\t\t\t\t\t\t\t\t\t\t\t<a href=\"mailto:?subject=Facebook&#038;body=https%3A%2F%2Fwww.facebook.com%2F803962709664816%2Fposts%2F1206258974637198%20-%20%0A%0A%09%0A%09%09Hyv%C3%A4%C3%A4%20musaa%20ja%20hilpe%C3%A4%20meininki%20Karkkilan%20konepajahallilla%20nyt%09%09%09%0A%09\" target=\"_blank\" rel=\"noopener noreferrer\" class=\"cff-email-icon\">\n\t\t\t\t\t\t\t<span class=\"fa fab fa-envelope\" aria-hidden=\"true\"><\/span>\n\t\t\t\t\t\t\t<span class=\"cff-screenreader\">Share by Email<\/span>\n\t\t\t\t\t\t<\/a>\n\t\t\t\t\t\t\t\t\t<\/p>\n\t\t\t<\/div>\n\t\t\t<\/div>\n\t<\/div>\n\n\n\n<div id=\"cff_803962709664816_1206257811303981\" class=\"cff-item cff-photo-post author-kukulele\"  style=\"border-bottom: 1px solid #ddd;\">\n\t<div class=\"cff-author\">\n\t<div class=\"cff-author-text\">\n\t\t\t\t\t<div class=\"cff-page-name cff-author-date\" >\n\t\t\t\t<a href=\"https:\/\/facebook.com\/803962709664816\" target=\"_blank\" rel=\"nofollow noopener\" >Kukulele<\/a>\n\t\t\t\t<span class=\"cff-story\"> <\/span>\n\t\t\t<\/div>\n\t\t\t\n<p class=\"cff-date\" > 9 months ago <\/p>\n\t\t\t<\/div>\n\t<div class=\"cff-author-img \" data-avatar=\"https:\/\/scontent-hel3-1.xx.fbcdn.net\/v\/t39.30808-1\/297375420_507329781196791_3969093464410182093_n.jpg?stp=cp0_dst-jpg_s50x50_tt6&#038;_nc_cat=103&#038;ccb=1-7&#038;_nc_sid=f907e8&#038;_nc_ohc=7z4Jr82iDYUQ7kNvwGWqEDv&#038;_nc_oc=AdpX3cuPfCIK925qs5WRq2sz8OyqktV3TKu7u2GxJsIf2HJh1J2UYxrmo6BPBoC_JhY&#038;_nc_zt=24&#038;_nc_ht=scontent-hel3-1.xx&#038;edm=AKIiGfEEAAAA&#038;_nc_gid=Jc69cvmsin_-fM-ixb8i4g&#038;_nc_tpa=Q5bMBQEL0yiPHCsYzsLYYQppVHUtQavcOG3CAH3SGqxp32Nr3DgKf6ndzIiqeYn_26X-VenV0VxYP0T9qA&#038;oh=00_Af4r3uJARoMocbyq4fkH6Rxpkh7MvvJlhl8OVBydRBmPUw&#038;oe=69FA08E4\">\n\t\t<a href=\"https:\/\/facebook.com\/803962709664816\" target=\"_blank\" rel=\"nofollow noopener\" ><img decoding=\"async\" src=\"https:\/\/scontent-hel3-1.xx.fbcdn.net\/v\/t39.30808-1\/297375420_507329781196791_3969093464410182093_n.jpg?stp=cp0_dst-jpg_s50x50_tt6&#038;_nc_cat=103&#038;ccb=1-7&#038;_nc_sid=f907e8&#038;_nc_ohc=7z4Jr82iDYUQ7kNvwGWqEDv&#038;_nc_oc=AdpX3cuPfCIK925qs5WRq2sz8OyqktV3TKu7u2GxJsIf2HJh1J2UYxrmo6BPBoC_JhY&#038;_nc_zt=24&#038;_nc_ht=scontent-hel3-1.xx&#038;edm=AKIiGfEEAAAA&#038;_nc_gid=Jc69cvmsin_-fM-ixb8i4g&#038;_nc_tpa=Q5bMBQEL0yiPHCsYzsLYYQppVHUtQavcOG3CAH3SGqxp32Nr3DgKf6ndzIiqeYn_26X-VenV0VxYP0T9qA&#038;oh=00_Af4r3uJARoMocbyq4fkH6Rxpkh7MvvJlhl8OVBydRBmPUw&#038;oe=69FA08E4\" title=\"Kukulele\" alt=\"Kukulele\" width=40 height=40 onerror=\"this.style.display='none'\"><\/a>\n\t<\/div>\n<\/div>\n\n<div class=\"cff-post-text\" >\n\t<span class=\"cff-text\" data-color=\"\">\n\t\tKukulele 10-v festari k\u00e4ynniss\u00e4\t\t\t<\/span>\n\t<span class=\"cff-expand\">... <a href=\"#\" style=\"color: #\"><span class=\"cff-more\">See More<\/span><span class=\"cff-less\">See Less<\/span><\/a><\/span>\n\n<\/div>\n\n<p class=\"cff-media-link\">\n\t<a href=\"https:\/\/www.facebook.com\/photo.php?fbid=1206257781303984&#038;set=a.488076226455480&#038;type=3\" target=\"_blank\" style=\"color: #\">\n\t\t<span style=\"padding-right: 5px;\" class=\"fa fas fa-picture-o fa-image\"><\/span>Photo\t<\/a>\n<\/p>\n\t\t<div class=\"cff-post-links\">\n\t\t\t\t\t<a class=\"cff-viewpost-facebook\" href=\"https:\/\/www.facebook.com\/photo.php?fbid=1206257781303984&#038;set=a.488076226455480&#038;type=3\" title=\"View on Facebook\" target=\"_blank\" rel=\"nofollow noopener\" >View on Facebook<\/a>\n\t\t\t\t\t\t\t<div class=\"cff-share-container\">\n\t\t\t\t\t\t\t\t\t<span class=\"cff-dot\" >&middot;<\/span>\n\t\t\t\t\t\t\t\t<a class=\"cff-share-link\" href=\"https:\/\/www.facebook.com\/sharer\/sharer.php?u=https%3A%2F%2Fwww.facebook.com%2Fphoto.php%3Ffbid%3D1206257781303984%26amp%3Bset%3Da.488076226455480%26amp%3Btype%3D3\" title=\"Share\" >Share<\/a>\n\t\t\t\t<p class=\"cff-share-tooltip\">\n\t\t\t\t\t\t\t\t\t\t\t<a href=\"https:\/\/www.facebook.com\/sharer\/sharer.php?u=https%3A%2F%2Fwww.facebook.com%2Fphoto.php%3Ffbid%3D1206257781303984%26amp%3Bset%3Da.488076226455480%26amp%3Btype%3D3\" target=\"_blank\" rel=\"noopener noreferrer\" class=\"cff-facebook-icon\">\n\t\t\t\t\t\t\t<span class=\"fa fab fa-facebook-square\" aria-hidden=\"true\"><\/span>\n\t\t\t\t\t\t\t<span class=\"cff-screenreader\">Share on Facebook<\/span>\n\t\t\t\t\t\t<\/a>\n\t\t\t\t\t\t\t\t\t\t\t<a href=\"https:\/\/twitter.com\/intent\/tweet?text=https%3A%2F%2Fwww.facebook.com%2Fphoto.php%3Ffbid%3D1206257781303984%26amp%3Bset%3Da.488076226455480%26amp%3Btype%3D3\" target=\"_blank\" rel=\"noopener noreferrer\" class=\"cff-twitter-icon\">\n\t\t\t\t\t\t\t<span class=\"fa fab fa-twitter\" aria-hidden=\"true\"><\/span>\n\t\t\t\t\t\t\t<span class=\"cff-screenreader\">Share on Twitter<\/span>\n\t\t\t\t\t\t<\/a>\n\t\t\t\t\t\t\t\t\t\t\t<a href=\"https:\/\/www.linkedin.com\/shareArticle?mini=true&#038;url=https%3A%2F%2Fwww.facebook.com%2Fphoto.php%3Ffbid%3D1206257781303984%26amp%3Bset%3Da.488076226455480%26amp%3Btype%3D3&#038;title=%09%09%09Kukulele%2010-v%20festari%20k%C3%A4ynniss%C3%A4%09%09%09%09\" target=\"_blank\" rel=\"noopener noreferrer\" class=\"cff-linkedin-icon\">\n\t\t\t\t\t\t\t<span class=\"fa fab fa-linkedin\" aria-hidden=\"true\"><\/span>\n\t\t\t\t\t\t\t<span class=\"cff-screenreader\">Share on Linked In<\/span>\n\t\t\t\t\t\t<\/a>\n\t\t\t\t\t\t\t\t\t\t\t<a href=\"mailto:?subject=Facebook&#038;body=https%3A%2F%2Fwww.facebook.com%2Fphoto.php%3Ffbid%3D1206257781303984%26amp%3Bset%3Da.488076226455480%26amp%3Btype%3D3%20-%20%0A%0A%09%0A%09%09Kukulele%2010-v%20festari%20k%C3%A4ynniss%C3%A4%09%09%09%0A%09\" target=\"_blank\" rel=\"noopener noreferrer\" class=\"cff-email-icon\">\n\t\t\t\t\t\t\t<span class=\"fa fab fa-envelope\" aria-hidden=\"true\"><\/span>\n\t\t\t\t\t\t\t<span class=\"cff-screenreader\">Share by Email<\/span>\n\t\t\t\t\t\t<\/a>\n\t\t\t\t\t\t\t\t\t<\/p>\n\t\t\t<\/div>\n\t\t\t<\/div>\n\t<\/div>\n\n\n\n<div id=\"cff_803962709664816_1206145641315198\" class=\"cff-item cff-photo-post author-kukulele\"  style=\"border-bottom: 1px solid #ddd;\">\n\t<div class=\"cff-author\">\n\t<div class=\"cff-author-text\">\n\t\t\t\t\t<div class=\"cff-page-name cff-author-date\" >\n\t\t\t\t<a href=\"https:\/\/facebook.com\/803962709664816\" target=\"_blank\" rel=\"nofollow noopener\" >Kukulele<\/a>\n\t\t\t\t<span class=\"cff-story\">  osallistuu tapahtumaan tapahtuma.<\/span>\n\t\t\t<\/div>\n\t\t\t\n<p class=\"cff-date\" > 9 months ago <\/p>\n\t\t\t<\/div>\n\t<div class=\"cff-author-img \" data-avatar=\"https:\/\/scontent-hel3-1.xx.fbcdn.net\/v\/t39.30808-1\/297375420_507329781196791_3969093464410182093_n.jpg?stp=cp0_dst-jpg_s50x50_tt6&#038;_nc_cat=103&#038;ccb=1-7&#038;_nc_sid=f907e8&#038;_nc_ohc=7z4Jr82iDYUQ7kNvwGWqEDv&#038;_nc_oc=AdpX3cuPfCIK925qs5WRq2sz8OyqktV3TKu7u2GxJsIf2HJh1J2UYxrmo6BPBoC_JhY&#038;_nc_zt=24&#038;_nc_ht=scontent-hel3-1.xx&#038;edm=AKIiGfEEAAAA&#038;_nc_gid=Jc69cvmsin_-fM-ixb8i4g&#038;_nc_tpa=Q5bMBQEL0yiPHCsYzsLYYQppVHUtQavcOG3CAH3SGqxp32Nr3DgKf6ndzIiqeYn_26X-VenV0VxYP0T9qA&#038;oh=00_Af4r3uJARoMocbyq4fkH6Rxpkh7MvvJlhl8OVBydRBmPUw&#038;oe=69FA08E4\">\n\t\t<a href=\"https:\/\/facebook.com\/803962709664816\" target=\"_blank\" rel=\"nofollow noopener\" ><img decoding=\"async\" src=\"https:\/\/scontent-hel3-1.xx.fbcdn.net\/v\/t39.30808-1\/297375420_507329781196791_3969093464410182093_n.jpg?stp=cp0_dst-jpg_s50x50_tt6&#038;_nc_cat=103&#038;ccb=1-7&#038;_nc_sid=f907e8&#038;_nc_ohc=7z4Jr82iDYUQ7kNvwGWqEDv&#038;_nc_oc=AdpX3cuPfCIK925qs5WRq2sz8OyqktV3TKu7u2GxJsIf2HJh1J2UYxrmo6BPBoC_JhY&#038;_nc_zt=24&#038;_nc_ht=scontent-hel3-1.xx&#038;edm=AKIiGfEEAAAA&#038;_nc_gid=Jc69cvmsin_-fM-ixb8i4g&#038;_nc_tpa=Q5bMBQEL0yiPHCsYzsLYYQppVHUtQavcOG3CAH3SGqxp32Nr3DgKf6ndzIiqeYn_26X-VenV0VxYP0T9qA&#038;oh=00_Af4r3uJARoMocbyq4fkH6Rxpkh7MvvJlhl8OVBydRBmPUw&#038;oe=69FA08E4\" title=\"Kukulele\" alt=\"Kukulele\" width=40 height=40 onerror=\"this.style.display='none'\"><\/a>\n\t<\/div>\n<\/div>\n\n<div class=\"cff-post-text\" >\n\t<span class=\"cff-text\" data-color=\"\">\n\t\tT\u00e4n\u00e4\u00e4n Kukulele 10 v festivaalit. T\u00e4ss\u00e4 esiintymisaikataulu:\t\t\t<\/span>\n\t<span class=\"cff-expand\">... <a href=\"#\" style=\"color: #\"><span class=\"cff-more\">See More<\/span><span class=\"cff-less\">See Less<\/span><\/a><\/span>\n\n<\/div>\n\n<p class=\"cff-media-link\">\n\t<a href=\"https:\/\/www.facebook.com\/photo.php?fbid=1206145557981873&#038;set=a.488076213122148&#038;type=3\" target=\"_blank\" style=\"color: #\">\n\t\t<span style=\"padding-right: 5px;\" class=\"fa fas fa-picture-o fa-image\"><\/span>Photo\t<\/a>\n<\/p>\n\t\t<div class=\"cff-post-links\">\n\t\t\t\t\t<a class=\"cff-viewpost-facebook\" href=\"https:\/\/www.facebook.com\/photo.php?fbid=1206145557981873&#038;set=a.488076213122148&#038;type=3\" title=\"View on Facebook\" target=\"_blank\" rel=\"nofollow noopener\" >View on Facebook<\/a>\n\t\t\t\t\t\t\t<div class=\"cff-share-container\">\n\t\t\t\t\t\t\t\t\t<span class=\"cff-dot\" >&middot;<\/span>\n\t\t\t\t\t\t\t\t<a class=\"cff-share-link\" href=\"https:\/\/www.facebook.com\/sharer\/sharer.php?u=https%3A%2F%2Fwww.facebook.com%2Fphoto.php%3Ffbid%3D1206145557981873%26amp%3Bset%3Da.488076213122148%26amp%3Btype%3D3\" title=\"Share\" >Share<\/a>\n\t\t\t\t<p class=\"cff-share-tooltip\">\n\t\t\t\t\t\t\t\t\t\t\t<a href=\"https:\/\/www.facebook.com\/sharer\/sharer.php?u=https%3A%2F%2Fwww.facebook.com%2Fphoto.php%3Ffbid%3D1206145557981873%26amp%3Bset%3Da.488076213122148%26amp%3Btype%3D3\" target=\"_blank\" rel=\"noopener noreferrer\" class=\"cff-facebook-icon\">\n\t\t\t\t\t\t\t<span class=\"fa fab fa-facebook-square\" aria-hidden=\"true\"><\/span>\n\t\t\t\t\t\t\t<span class=\"cff-screenreader\">Share on Facebook<\/span>\n\t\t\t\t\t\t<\/a>\n\t\t\t\t\t\t\t\t\t\t\t<a href=\"https:\/\/twitter.com\/intent\/tweet?text=https%3A%2F%2Fwww.facebook.com%2Fphoto.php%3Ffbid%3D1206145557981873%26amp%3Bset%3Da.488076213122148%26amp%3Btype%3D3\" target=\"_blank\" rel=\"noopener noreferrer\" class=\"cff-twitter-icon\">\n\t\t\t\t\t\t\t<span class=\"fa fab fa-twitter\" aria-hidden=\"true\"><\/span>\n\t\t\t\t\t\t\t<span class=\"cff-screenreader\">Share on Twitter<\/span>\n\t\t\t\t\t\t<\/a>\n\t\t\t\t\t\t\t\t\t\t\t<a href=\"https:\/\/www.linkedin.com\/shareArticle?mini=true&#038;url=https%3A%2F%2Fwww.facebook.com%2Fphoto.php%3Ffbid%3D1206145557981873%26amp%3Bset%3Da.488076213122148%26amp%3Btype%3D3&#038;title=%09%09%09T%C3%A4n%C3%A4%C3%A4n%20Kukulele%2010%20v%20festivaalit.%20T%C3%A4ss%C3%A4%20esiintymisaikataulu%3A%09%09%09%09\" target=\"_blank\" rel=\"noopener noreferrer\" class=\"cff-linkedin-icon\">\n\t\t\t\t\t\t\t<span class=\"fa fab fa-linkedin\" aria-hidden=\"true\"><\/span>\n\t\t\t\t\t\t\t<span class=\"cff-screenreader\">Share on Linked In<\/span>\n\t\t\t\t\t\t<\/a>\n\t\t\t\t\t\t\t\t\t\t\t<a href=\"mailto:?subject=Facebook&#038;body=https%3A%2F%2Fwww.facebook.com%2Fphoto.php%3Ffbid%3D1206145557981873%26amp%3Bset%3Da.488076213122148%26amp%3Btype%3D3%20-%20%0A%0A%09%0A%09%09T%C3%A4n%C3%A4%C3%A4n%20Kukulele%2010%20v%20festivaalit.%20T%C3%A4ss%C3%A4%20esiintymisaikataulu%3A%09%09%09%0A%09\" target=\"_blank\" rel=\"noopener noreferrer\" class=\"cff-email-icon\">\n\t\t\t\t\t\t\t<span class=\"fa fab fa-envelope\" aria-hidden=\"true\"><\/span>\n\t\t\t\t\t\t\t<span class=\"cff-screenreader\">Share by Email<\/span>\n\t\t\t\t\t\t<\/a>\n\t\t\t\t\t\t\t\t\t<\/p>\n\t\t\t<\/div>\n\t\t\t<\/div>\n\t<\/div>\n\n\n\n<div id=\"cff_803962709664816_1205630998033329\" class=\"cff-item cff-photo-post author-kukulele\"  style=\"border-bottom: 1px solid #ddd;\">\n\t<div class=\"cff-author\">\n\t<div class=\"cff-author-text\">\n\t\t\t\t\t<div class=\"cff-page-name cff-author-date\" >\n\t\t\t\t<a href=\"https:\/\/facebook.com\/803962709664816\" target=\"_blank\" rel=\"nofollow noopener\" >Kukulele<\/a>\n\t\t\t\t<span class=\"cff-story\">  osallistuu tapahtumaan tapahtuma.<\/span>\n\t\t\t<\/div>\n\t\t\t\n<p class=\"cff-date\" > 9 months ago <\/p>\n\t\t\t<\/div>\n\t<div class=\"cff-author-img \" data-avatar=\"https:\/\/scontent-hel3-1.xx.fbcdn.net\/v\/t39.30808-1\/297375420_507329781196791_3969093464410182093_n.jpg?stp=cp0_dst-jpg_s50x50_tt6&#038;_nc_cat=103&#038;ccb=1-7&#038;_nc_sid=f907e8&#038;_nc_ohc=7z4Jr82iDYUQ7kNvwGWqEDv&#038;_nc_oc=AdpX3cuPfCIK925qs5WRq2sz8OyqktV3TKu7u2GxJsIf2HJh1J2UYxrmo6BPBoC_JhY&#038;_nc_zt=24&#038;_nc_ht=scontent-hel3-1.xx&#038;edm=AKIiGfEEAAAA&#038;_nc_gid=Jc69cvmsin_-fM-ixb8i4g&#038;_nc_tpa=Q5bMBQEL0yiPHCsYzsLYYQppVHUtQavcOG3CAH3SGqxp32Nr3DgKf6ndzIiqeYn_26X-VenV0VxYP0T9qA&#038;oh=00_Af4r3uJARoMocbyq4fkH6Rxpkh7MvvJlhl8OVBydRBmPUw&#038;oe=69FA08E4\">\n\t\t<a href=\"https:\/\/facebook.com\/803962709664816\" target=\"_blank\" rel=\"nofollow noopener\" ><img decoding=\"async\" src=\"https:\/\/scontent-hel3-1.xx.fbcdn.net\/v\/t39.30808-1\/297375420_507329781196791_3969093464410182093_n.jpg?stp=cp0_dst-jpg_s50x50_tt6&#038;_nc_cat=103&#038;ccb=1-7&#038;_nc_sid=f907e8&#038;_nc_ohc=7z4Jr82iDYUQ7kNvwGWqEDv&#038;_nc_oc=AdpX3cuPfCIK925qs5WRq2sz8OyqktV3TKu7u2GxJsIf2HJh1J2UYxrmo6BPBoC_JhY&#038;_nc_zt=24&#038;_nc_ht=scontent-hel3-1.xx&#038;edm=AKIiGfEEAAAA&#038;_nc_gid=Jc69cvmsin_-fM-ixb8i4g&#038;_nc_tpa=Q5bMBQEL0yiPHCsYzsLYYQppVHUtQavcOG3CAH3SGqxp32Nr3DgKf6ndzIiqeYn_26X-VenV0VxYP0T9qA&#038;oh=00_Af4r3uJARoMocbyq4fkH6Rxpkh7MvvJlhl8OVBydRBmPUw&#038;oe=69FA08E4\" title=\"Kukulele\" alt=\"Kukulele\" width=40 height=40 onerror=\"this.style.display='none'\"><\/a>\n\t<\/div>\n<\/div>\n\n<div class=\"cff-post-text\" >\n\t<span class=\"cff-text\" data-color=\"\">\n\t\tKukulele 10 v festivaaleilla 2.8.2025: Ekalele. <img class=\"cff-linebreak\" \/>Nyt oppimaan ukulelen soiton alkeet Rauni Rokan johdolla. Sopii kaikenik\u00e4isille, hinta 10 eur. Kokoontuminen infon edess\u00e4 klo 14.30\t\t\t<\/span>\n\t<span class=\"cff-expand\">... <a href=\"#\" style=\"color: #\"><span class=\"cff-more\">See More<\/span><span class=\"cff-less\">See Less<\/span><\/a><\/span>\n\n<\/div>\n\n<p class=\"cff-media-link\">\n\t<a href=\"https:\/\/www.facebook.com\/photo.php?fbid=1205630651366697&#038;set=a.488076213122148&#038;type=3\" target=\"_blank\" style=\"color: #\">\n\t\t<span style=\"padding-right: 5px;\" class=\"fa fas fa-picture-o fa-image\"><\/span>Photo\t<\/a>\n<\/p>\n\t\t<div class=\"cff-post-links\">\n\t\t\t\t\t<a class=\"cff-viewpost-facebook\" href=\"https:\/\/www.facebook.com\/photo.php?fbid=1205630651366697&#038;set=a.488076213122148&#038;type=3\" title=\"View on Facebook\" target=\"_blank\" rel=\"nofollow noopener\" >View on Facebook<\/a>\n\t\t\t\t\t\t\t<div class=\"cff-share-container\">\n\t\t\t\t\t\t\t\t\t<span class=\"cff-dot\" >&middot;<\/span>\n\t\t\t\t\t\t\t\t<a class=\"cff-share-link\" href=\"https:\/\/www.facebook.com\/sharer\/sharer.php?u=https%3A%2F%2Fwww.facebook.com%2Fphoto.php%3Ffbid%3D1205630651366697%26amp%3Bset%3Da.488076213122148%26amp%3Btype%3D3\" title=\"Share\" >Share<\/a>\n\t\t\t\t<p class=\"cff-share-tooltip\">\n\t\t\t\t\t\t\t\t\t\t\t<a href=\"https:\/\/www.facebook.com\/sharer\/sharer.php?u=https%3A%2F%2Fwww.facebook.com%2Fphoto.php%3Ffbid%3D1205630651366697%26amp%3Bset%3Da.488076213122148%26amp%3Btype%3D3\" target=\"_blank\" rel=\"noopener noreferrer\" class=\"cff-facebook-icon\">\n\t\t\t\t\t\t\t<span class=\"fa fab fa-facebook-square\" aria-hidden=\"true\"><\/span>\n\t\t\t\t\t\t\t<span class=\"cff-screenreader\">Share on Facebook<\/span>\n\t\t\t\t\t\t<\/a>\n\t\t\t\t\t\t\t\t\t\t\t<a href=\"https:\/\/twitter.com\/intent\/tweet?text=https%3A%2F%2Fwww.facebook.com%2Fphoto.php%3Ffbid%3D1205630651366697%26amp%3Bset%3Da.488076213122148%26amp%3Btype%3D3\" target=\"_blank\" rel=\"noopener noreferrer\" class=\"cff-twitter-icon\">\n\t\t\t\t\t\t\t<span class=\"fa fab fa-twitter\" aria-hidden=\"true\"><\/span>\n\t\t\t\t\t\t\t<span class=\"cff-screenreader\">Share on Twitter<\/span>\n\t\t\t\t\t\t<\/a>\n\t\t\t\t\t\t\t\t\t\t\t<a href=\"https:\/\/www.linkedin.com\/shareArticle?mini=true&#038;url=https%3A%2F%2Fwww.facebook.com%2Fphoto.php%3Ffbid%3D1205630651366697%26amp%3Bset%3Da.488076213122148%26amp%3Btype%3D3&#038;title=%09%09%09Kukulele%2010%20v%20festivaaleilla%202.8.2025%3A%20Ekalele.%20Nyt%20oppimaan%20ukulelen%20soiton%20alkeet%20Rauni%20Rokan%20johdolla.%20Sopii%20kaikenik%C3%A4isille%2C%20hinta%2010%20eur.%20Kokoontuminen%20infon%20edess%C3%A4%20klo%2014.30%09%09%09%09\" target=\"_blank\" rel=\"noopener noreferrer\" class=\"cff-linkedin-icon\">\n\t\t\t\t\t\t\t<span class=\"fa fab fa-linkedin\" aria-hidden=\"true\"><\/span>\n\t\t\t\t\t\t\t<span class=\"cff-screenreader\">Share on Linked In<\/span>\n\t\t\t\t\t\t<\/a>\n\t\t\t\t\t\t\t\t\t\t\t<a href=\"mailto:?subject=Facebook&#038;body=https%3A%2F%2Fwww.facebook.com%2Fphoto.php%3Ffbid%3D1205630651366697%26amp%3Bset%3Da.488076213122148%26amp%3Btype%3D3%20-%20%0A%0A%09%0A%09%09Kukulele%2010%20v%20festivaaleilla%202.8.2025%3A%20Ekalele.%20Nyt%20oppimaan%20ukulelen%20soiton%20alkeet%20Rauni%20Rokan%20johdolla.%20Sopii%20kaikenik%C3%A4isille%2C%20hinta%2010%20eur.%20Kokoontuminen%20infon%20edess%C3%A4%20klo%2014.30%09%09%09%0A%09\" target=\"_blank\" rel=\"noopener noreferrer\" class=\"cff-email-icon\">\n\t\t\t\t\t\t\t<span class=\"fa fab fa-envelope\" aria-hidden=\"true\"><\/span>\n\t\t\t\t\t\t\t<span class=\"cff-screenreader\">Share by Email<\/span>\n\t\t\t\t\t\t<\/a>\n\t\t\t\t\t\t\t\t\t<\/p>\n\t\t\t<\/div>\n\t\t\t<\/div>\n\t<\/div>\n\n\n\n<div id=\"cff_803962709664816_1204693378127091\" class=\"cff-item cff-status-post cff-album author-kukulele\"  style=\"border-bottom: 1px solid #ddd;\">\n\t<div class=\"cff-author\">\n\t<div class=\"cff-author-text\">\n\t\t\t\t\t<div class=\"cff-page-name cff-author-date\" >\n\t\t\t\t<a href=\"https:\/\/facebook.com\/803962709664816\" target=\"_blank\" rel=\"nofollow noopener\" >Kukulele<\/a>\n\t\t\t\t<span class=\"cff-story\">  osallistuu tapahtumaan tapahtuma.<\/span>\n\t\t\t<\/div>\n\t\t\t\n<p class=\"cff-date\" > 9 months ago <\/p>\n\t\t\t<\/div>\n\t<div class=\"cff-author-img \" data-avatar=\"https:\/\/scontent-hel3-1.xx.fbcdn.net\/v\/t39.30808-1\/297375420_507329781196791_3969093464410182093_n.jpg?stp=cp0_dst-jpg_s50x50_tt6&#038;_nc_cat=103&#038;ccb=1-7&#038;_nc_sid=f907e8&#038;_nc_ohc=7z4Jr82iDYUQ7kNvwGWqEDv&#038;_nc_oc=AdpX3cuPfCIK925qs5WRq2sz8OyqktV3TKu7u2GxJsIf2HJh1J2UYxrmo6BPBoC_JhY&#038;_nc_zt=24&#038;_nc_ht=scontent-hel3-1.xx&#038;edm=AKIiGfEEAAAA&#038;_nc_gid=Jc69cvmsin_-fM-ixb8i4g&#038;_nc_tpa=Q5bMBQEL0yiPHCsYzsLYYQppVHUtQavcOG3CAH3SGqxp32Nr3DgKf6ndzIiqeYn_26X-VenV0VxYP0T9qA&#038;oh=00_Af4r3uJARoMocbyq4fkH6Rxpkh7MvvJlhl8OVBydRBmPUw&#038;oe=69FA08E4\">\n\t\t<a href=\"https:\/\/facebook.com\/803962709664816\" target=\"_blank\" rel=\"nofollow noopener\" ><img decoding=\"async\" src=\"https:\/\/scontent-hel3-1.xx.fbcdn.net\/v\/t39.30808-1\/297375420_507329781196791_3969093464410182093_n.jpg?stp=cp0_dst-jpg_s50x50_tt6&#038;_nc_cat=103&#038;ccb=1-7&#038;_nc_sid=f907e8&#038;_nc_ohc=7z4Jr82iDYUQ7kNvwGWqEDv&#038;_nc_oc=AdpX3cuPfCIK925qs5WRq2sz8OyqktV3TKu7u2GxJsIf2HJh1J2UYxrmo6BPBoC_JhY&#038;_nc_zt=24&#038;_nc_ht=scontent-hel3-1.xx&#038;edm=AKIiGfEEAAAA&#038;_nc_gid=Jc69cvmsin_-fM-ixb8i4g&#038;_nc_tpa=Q5bMBQEL0yiPHCsYzsLYYQppVHUtQavcOG3CAH3SGqxp32Nr3DgKf6ndzIiqeYn_26X-VenV0VxYP0T9qA&#038;oh=00_Af4r3uJARoMocbyq4fkH6Rxpkh7MvvJlhl8OVBydRBmPUw&#038;oe=69FA08E4\" title=\"Kukulele\" alt=\"Kukulele\" width=40 height=40 onerror=\"this.style.display='none'\"><\/a>\n\t<\/div>\n<\/div>\n\n<div class=\"cff-post-text\" >\n\t<span class=\"cff-text\" data-color=\"\">\n\t\tLavaa rakennetaan Konepajahallilla, kohta eli 2.8. on Kukulele 10 v festivaalit. Toimintaa tukemassa Toikkakiinteist\u00f6t.\t\t\t<\/span>\n\t<span class=\"cff-expand\">... <a href=\"#\" style=\"color: #\"><span class=\"cff-more\">See More<\/span><span class=\"cff-less\">See Less<\/span><\/a><\/span>\n\n<\/div>\n\n<p class=\"cff-media-link\">\n\t<a href=\"https:\/\/www.facebook.com\/492920689304367\/posts\/1204693378127091\" target=\"_blank\" style=\"color: #\">\n\t\t<span style=\"padding-right: 5px;\" class=\"fa fas fa-picture-o fa-image\"><\/span>Photo\t<\/a>\n<\/p>\n\t\t<div class=\"cff-post-links\">\n\t\t\t\t\t<a class=\"cff-viewpost-facebook\" href=\"https:\/\/www.facebook.com\/492920689304367\/posts\/1204693378127091\" title=\"View on Facebook\" target=\"_blank\" rel=\"nofollow noopener\" >View on Facebook<\/a>\n\t\t\t\t\t\t\t<div class=\"cff-share-container\">\n\t\t\t\t\t\t\t\t\t<span class=\"cff-dot\" >&middot;<\/span>\n\t\t\t\t\t\t\t\t<a class=\"cff-share-link\" href=\"https:\/\/www.facebook.com\/sharer\/sharer.php?u=https%3A%2F%2Fwww.facebook.com%2F492920689304367%2Fposts%2F1204693378127091\" title=\"Share\" >Share<\/a>\n\t\t\t\t<p class=\"cff-share-tooltip\">\n\t\t\t\t\t\t\t\t\t\t\t<a href=\"https:\/\/www.facebook.com\/sharer\/sharer.php?u=https%3A%2F%2Fwww.facebook.com%2F492920689304367%2Fposts%2F1204693378127091\" target=\"_blank\" rel=\"noopener noreferrer\" class=\"cff-facebook-icon\">\n\t\t\t\t\t\t\t<span class=\"fa fab fa-facebook-square\" aria-hidden=\"true\"><\/span>\n\t\t\t\t\t\t\t<span class=\"cff-screenreader\">Share on Facebook<\/span>\n\t\t\t\t\t\t<\/a>\n\t\t\t\t\t\t\t\t\t\t\t<a href=\"https:\/\/twitter.com\/intent\/tweet?text=https%3A%2F%2Fwww.facebook.com%2F492920689304367%2Fposts%2F1204693378127091\" target=\"_blank\" rel=\"noopener noreferrer\" class=\"cff-twitter-icon\">\n\t\t\t\t\t\t\t<span class=\"fa fab fa-twitter\" aria-hidden=\"true\"><\/span>\n\t\t\t\t\t\t\t<span class=\"cff-screenreader\">Share on Twitter<\/span>\n\t\t\t\t\t\t<\/a>\n\t\t\t\t\t\t\t\t\t\t\t<a href=\"https:\/\/www.linkedin.com\/shareArticle?mini=true&#038;url=https%3A%2F%2Fwww.facebook.com%2F492920689304367%2Fposts%2F1204693378127091&#038;title=%09%09%09Lavaa%20rakennetaan%20Konepajahallilla%2C%20kohta%20eli%202.8.%20on%20Kukulele%2010%20v%20festivaalit.%20Toimintaa%20tukemassa%20Toikkakiinteist%C3%B6t.%09%09%09%09\" target=\"_blank\" rel=\"noopener noreferrer\" class=\"cff-linkedin-icon\">\n\t\t\t\t\t\t\t<span class=\"fa fab fa-linkedin\" aria-hidden=\"true\"><\/span>\n\t\t\t\t\t\t\t<span class=\"cff-screenreader\">Share on Linked In<\/span>\n\t\t\t\t\t\t<\/a>\n\t\t\t\t\t\t\t\t\t\t\t<a href=\"mailto:?subject=Facebook&#038;body=https%3A%2F%2Fwww.facebook.com%2F492920689304367%2Fposts%2F1204693378127091%20-%20%0A%0A%09%0A%09%09Lavaa%20rakennetaan%20Konepajahallilla%2C%20kohta%20eli%202.8.%20on%20Kukulele%2010%20v%20festivaalit.%20Toimintaa%20tukemassa%20Toikkakiinteist%C3%B6t.%09%09%09%0A%09\" target=\"_blank\" rel=\"noopener noreferrer\" class=\"cff-email-icon\">\n\t\t\t\t\t\t\t<span class=\"fa fab fa-envelope\" aria-hidden=\"true\"><\/span>\n\t\t\t\t\t\t\t<span class=\"cff-screenreader\">Share by Email<\/span>\n\t\t\t\t\t\t<\/a>\n\t\t\t\t\t\t\t\t\t<\/p>\n\t\t\t<\/div>\n\t\t\t<\/div>\n\t<\/div>\n\n\n\n<div id=\"cff_803962709664816_1203904928205936\" class=\"cff-item cff-photo-post author-kukulele\"  style=\"border-bottom: 1px solid #ddd;\">\n\t<div class=\"cff-author\">\n\t<div class=\"cff-author-text\">\n\t\t\t\t\t<div class=\"cff-page-name cff-author-date\" >\n\t\t\t\t<a href=\"https:\/\/facebook.com\/803962709664816\" target=\"_blank\" rel=\"nofollow noopener\" >Kukulele<\/a>\n\t\t\t\t<span class=\"cff-story\"> <\/span>\n\t\t\t<\/div>\n\t\t\t\n<p class=\"cff-date\" > 9 months ago <\/p>\n\t\t\t<\/div>\n\t<div class=\"cff-author-img \" data-avatar=\"https:\/\/scontent-hel3-1.xx.fbcdn.net\/v\/t39.30808-1\/297375420_507329781196791_3969093464410182093_n.jpg?stp=cp0_dst-jpg_s50x50_tt6&#038;_nc_cat=103&#038;ccb=1-7&#038;_nc_sid=f907e8&#038;_nc_ohc=7z4Jr82iDYUQ7kNvwGWqEDv&#038;_nc_oc=AdpX3cuPfCIK925qs5WRq2sz8OyqktV3TKu7u2GxJsIf2HJh1J2UYxrmo6BPBoC_JhY&#038;_nc_zt=24&#038;_nc_ht=scontent-hel3-1.xx&#038;edm=AKIiGfEEAAAA&#038;_nc_gid=Jc69cvmsin_-fM-ixb8i4g&#038;_nc_tpa=Q5bMBQEL0yiPHCsYzsLYYQppVHUtQavcOG3CAH3SGqxp32Nr3DgKf6ndzIiqeYn_26X-VenV0VxYP0T9qA&#038;oh=00_Af4r3uJARoMocbyq4fkH6Rxpkh7MvvJlhl8OVBydRBmPUw&#038;oe=69FA08E4\">\n\t\t<a href=\"https:\/\/facebook.com\/803962709664816\" target=\"_blank\" rel=\"nofollow noopener\" ><img decoding=\"async\" src=\"https:\/\/scontent-hel3-1.xx.fbcdn.net\/v\/t39.30808-1\/297375420_507329781196791_3969093464410182093_n.jpg?stp=cp0_dst-jpg_s50x50_tt6&#038;_nc_cat=103&#038;ccb=1-7&#038;_nc_sid=f907e8&#038;_nc_ohc=7z4Jr82iDYUQ7kNvwGWqEDv&#038;_nc_oc=AdpX3cuPfCIK925qs5WRq2sz8OyqktV3TKu7u2GxJsIf2HJh1J2UYxrmo6BPBoC_JhY&#038;_nc_zt=24&#038;_nc_ht=scontent-hel3-1.xx&#038;edm=AKIiGfEEAAAA&#038;_nc_gid=Jc69cvmsin_-fM-ixb8i4g&#038;_nc_tpa=Q5bMBQEL0yiPHCsYzsLYYQppVHUtQavcOG3CAH3SGqxp32Nr3DgKf6ndzIiqeYn_26X-VenV0VxYP0T9qA&#038;oh=00_Af4r3uJARoMocbyq4fkH6Rxpkh7MvvJlhl8OVBydRBmPUw&#038;oe=69FA08E4\" title=\"Kukulele\" alt=\"Kukulele\" width=40 height=40 onerror=\"this.style.display='none'\"><\/a>\n\t<\/div>\n<\/div>\n\n<div class=\"cff-post-text\" >\n\t<span class=\"cff-text\" data-color=\"\">\n\t\tKukulele 10 v festivaalia sponsoroimassa mukana <img class=\"cff-linebreak\" \/>Toikkakiinteist\u00f6t Oy &amp; Konepajahalli. <img class=\"cff-linebreak\" \/>Tapahtuma-\/ juhlatila Konepajahalli on loistava tapahtumatila monenlaisten tapahtumien sek\u00e4 juhlien j\u00e4rjest\u00e4miseen. 1500m2 kokoinen halli mahdollistaa isommatkin tapahtumat messuista konsertteihin. V\u00e4lisermien ja koristevalojen avulla tilasta voi luoda my\u00f6s intiimimm\u00e4n kokonaisuuden yksityistilaisuuksiin kuten h\u00e4ihin tai syntym\u00e4p\u00e4iv\u00e4juhliin. Tarkempia tietoja tilasta l\u00f6ytyy yrityksen kotisivuilta <a href=\"https:\/\/www.toikkakiinteistot.fi\" rel='nofollow noopener noreferrer'>www.toikkakiinteistot.fi<\/a> .\t\t\t<\/span>\n\t<span class=\"cff-expand\">... <a href=\"#\" style=\"color: #\"><span class=\"cff-more\">See More<\/span><span class=\"cff-less\">See Less<\/span><\/a><\/span>\n\n<\/div>\n\n<p class=\"cff-media-link\">\n\t<a href=\"https:\/\/www.facebook.com\/photo.php?fbid=1203904834872612&#038;set=a.488076213122148&#038;type=3\" target=\"_blank\" style=\"color: #\">\n\t\t<span style=\"padding-right: 5px;\" class=\"fa fas fa-picture-o fa-image\"><\/span>Photo\t<\/a>\n<\/p>\n\t\t<div class=\"cff-post-links\">\n\t\t\t\t\t<a class=\"cff-viewpost-facebook\" href=\"https:\/\/www.facebook.com\/photo.php?fbid=1203904834872612&#038;set=a.488076213122148&#038;type=3\" title=\"View on Facebook\" target=\"_blank\" rel=\"nofollow noopener\" >View on Facebook<\/a>\n\t\t\t\t\t\t\t<div class=\"cff-share-container\">\n\t\t\t\t\t\t\t\t\t<span class=\"cff-dot\" >&middot;<\/span>\n\t\t\t\t\t\t\t\t<a class=\"cff-share-link\" href=\"https:\/\/www.facebook.com\/sharer\/sharer.php?u=https%3A%2F%2Fwww.facebook.com%2Fphoto.php%3Ffbid%3D1203904834872612%26amp%3Bset%3Da.488076213122148%26amp%3Btype%3D3\" title=\"Share\" >Share<\/a>\n\t\t\t\t<p class=\"cff-share-tooltip\">\n\t\t\t\t\t\t\t\t\t\t\t<a href=\"https:\/\/www.facebook.com\/sharer\/sharer.php?u=https%3A%2F%2Fwww.facebook.com%2Fphoto.php%3Ffbid%3D1203904834872612%26amp%3Bset%3Da.488076213122148%26amp%3Btype%3D3\" target=\"_blank\" rel=\"noopener noreferrer\" class=\"cff-facebook-icon\">\n\t\t\t\t\t\t\t<span class=\"fa fab fa-facebook-square\" aria-hidden=\"true\"><\/span>\n\t\t\t\t\t\t\t<span class=\"cff-screenreader\">Share on Facebook<\/span>\n\t\t\t\t\t\t<\/a>\n\t\t\t\t\t\t\t\t\t\t\t<a href=\"https:\/\/twitter.com\/intent\/tweet?text=https%3A%2F%2Fwww.facebook.com%2Fphoto.php%3Ffbid%3D1203904834872612%26amp%3Bset%3Da.488076213122148%26amp%3Btype%3D3\" target=\"_blank\" rel=\"noopener noreferrer\" class=\"cff-twitter-icon\">\n\t\t\t\t\t\t\t<span class=\"fa fab fa-twitter\" aria-hidden=\"true\"><\/span>\n\t\t\t\t\t\t\t<span class=\"cff-screenreader\">Share on Twitter<\/span>\n\t\t\t\t\t\t<\/a>\n\t\t\t\t\t\t\t\t\t\t\t<a href=\"https:\/\/www.linkedin.com\/shareArticle?mini=true&#038;url=https%3A%2F%2Fwww.facebook.com%2Fphoto.php%3Ffbid%3D1203904834872612%26amp%3Bset%3Da.488076213122148%26amp%3Btype%3D3&#038;title=%09%09%09Kukulele%2010%20v%20festivaalia%20sponsoroimassa%20mukana%20Toikkakiinteist%C3%B6t%20Oy%20%26amp%3B%20Konepajahalli.%20Tapahtuma-%2F%20juhlatila%20Konepajahalli%20on%20loistava%20tapahtumatila%20monenlaisten%20tapahtumien%20sek%C3%A4%20juhlien%20j%C3%A4rjest%C3%A4miseen.%201500m2%20kokoinen%20halli%20mahdollistaa%20isommatkin%20tapahtumat%20messuista%20konsertteihin.%20V%C3%A4lisermien%20ja%20koristevalojen%20avulla%20tilasta%20voi%20luoda%20my%C3%B6s%20intiimimm%C3%A4n%20kokonaisuuden%20yksityistilaisuuksiin%20kuten%20h%C3%A4ihin%20tai%20syntym%C3%A4p%C3%A4iv%C3%A4juhliin.%20Tarkempia%20tietoja%20tilasta%20l%C3%B6ytyy%20yrityksen%20kotisivuilta%20www.toikkakiinteistot.fi%20.%09%09%09%09\" target=\"_blank\" rel=\"noopener noreferrer\" class=\"cff-linkedin-icon\">\n\t\t\t\t\t\t\t<span class=\"fa fab fa-linkedin\" aria-hidden=\"true\"><\/span>\n\t\t\t\t\t\t\t<span class=\"cff-screenreader\">Share on Linked In<\/span>\n\t\t\t\t\t\t<\/a>\n\t\t\t\t\t\t\t\t\t\t\t<a href=\"mailto:?subject=Facebook&#038;body=https%3A%2F%2Fwww.facebook.com%2Fphoto.php%3Ffbid%3D1203904834872612%26amp%3Bset%3Da.488076213122148%26amp%3Btype%3D3%20-%20%0A%0A%09%0A%09%09Kukulele%2010%20v%20festivaalia%20sponsoroimassa%20mukana%20Toikkakiinteist%C3%B6t%20Oy%20%26amp%3B%20Konepajahalli.%20Tapahtuma-%2F%20juhlatila%20Konepajahalli%20on%20loistava%20tapahtumatila%20monenlaisten%20tapahtumien%20sek%C3%A4%20juhlien%20j%C3%A4rjest%C3%A4miseen.%201500m2%20kokoinen%20halli%20mahdollistaa%20isommatkin%20tapahtumat%20messuista%20konsertteihin.%20V%C3%A4lisermien%20ja%20koristevalojen%20avulla%20tilasta%20voi%20luoda%20my%C3%B6s%20intiimimm%C3%A4n%20kokonaisuuden%20yksityistilaisuuksiin%20kuten%20h%C3%A4ihin%20tai%20syntym%C3%A4p%C3%A4iv%C3%A4juhliin.%20Tarkempia%20tietoja%20tilasta%20l%C3%B6ytyy%20yrityksen%20kotisivuilta%20www.toikkakiinteistot.fi%20.%09%09%09%0A%09\" target=\"_blank\" rel=\"noopener noreferrer\" class=\"cff-email-icon\">\n\t\t\t\t\t\t\t<span class=\"fa fab fa-envelope\" aria-hidden=\"true\"><\/span>\n\t\t\t\t\t\t\t<span class=\"cff-screenreader\">Share by Email<\/span>\n\t\t\t\t\t\t<\/a>\n\t\t\t\t\t\t\t\t\t<\/p>\n\t\t\t<\/div>\n\t\t\t<\/div>\n\t<\/div>\n\n\n\n<div id=\"cff_803962709664816_1202470038349425\" class=\"cff-item cff-photo-post author-kukulele\"  style=\"border-bottom: 1px solid #ddd;\">\n\t<div class=\"cff-author\">\n\t<div class=\"cff-author-text\">\n\t\t\t\t\t<div class=\"cff-page-name cff-author-date\" >\n\t\t\t\t<a href=\"https:\/\/facebook.com\/803962709664816\" target=\"_blank\" rel=\"nofollow noopener\" >Kukulele<\/a>\n\t\t\t\t<span class=\"cff-story\"> <\/span>\n\t\t\t<\/div>\n\t\t\t\n<p class=\"cff-date\" > 9 months ago <\/p>\n\t\t\t<\/div>\n\t<div class=\"cff-author-img \" data-avatar=\"https:\/\/scontent-hel3-1.xx.fbcdn.net\/v\/t39.30808-1\/297375420_507329781196791_3969093464410182093_n.jpg?stp=cp0_dst-jpg_s50x50_tt6&#038;_nc_cat=103&#038;ccb=1-7&#038;_nc_sid=f907e8&#038;_nc_ohc=7z4Jr82iDYUQ7kNvwGWqEDv&#038;_nc_oc=AdpX3cuPfCIK925qs5WRq2sz8OyqktV3TKu7u2GxJsIf2HJh1J2UYxrmo6BPBoC_JhY&#038;_nc_zt=24&#038;_nc_ht=scontent-hel3-1.xx&#038;edm=AKIiGfEEAAAA&#038;_nc_gid=Jc69cvmsin_-fM-ixb8i4g&#038;_nc_tpa=Q5bMBQEL0yiPHCsYzsLYYQppVHUtQavcOG3CAH3SGqxp32Nr3DgKf6ndzIiqeYn_26X-VenV0VxYP0T9qA&#038;oh=00_Af4r3uJARoMocbyq4fkH6Rxpkh7MvvJlhl8OVBydRBmPUw&#038;oe=69FA08E4\">\n\t\t<a href=\"https:\/\/facebook.com\/803962709664816\" target=\"_blank\" rel=\"nofollow noopener\" ><img decoding=\"async\" src=\"https:\/\/scontent-hel3-1.xx.fbcdn.net\/v\/t39.30808-1\/297375420_507329781196791_3969093464410182093_n.jpg?stp=cp0_dst-jpg_s50x50_tt6&#038;_nc_cat=103&#038;ccb=1-7&#038;_nc_sid=f907e8&#038;_nc_ohc=7z4Jr82iDYUQ7kNvwGWqEDv&#038;_nc_oc=AdpX3cuPfCIK925qs5WRq2sz8OyqktV3TKu7u2GxJsIf2HJh1J2UYxrmo6BPBoC_JhY&#038;_nc_zt=24&#038;_nc_ht=scontent-hel3-1.xx&#038;edm=AKIiGfEEAAAA&#038;_nc_gid=Jc69cvmsin_-fM-ixb8i4g&#038;_nc_tpa=Q5bMBQEL0yiPHCsYzsLYYQppVHUtQavcOG3CAH3SGqxp32Nr3DgKf6ndzIiqeYn_26X-VenV0VxYP0T9qA&#038;oh=00_Af4r3uJARoMocbyq4fkH6Rxpkh7MvvJlhl8OVBydRBmPUw&#038;oe=69FA08E4\" title=\"Kukulele\" alt=\"Kukulele\" width=40 height=40 onerror=\"this.style.display='none'\"><\/a>\n\t<\/div>\n<\/div>\n\n<div class=\"cff-post-text\" >\n\t<span class=\"cff-text\" data-color=\"\">\n\t\tKukulele 10 v festariviikko on alkanut!\t\t\t<\/span>\n\t<span class=\"cff-expand\">... <a href=\"#\" style=\"color: #\"><span class=\"cff-more\">See More<\/span><span class=\"cff-less\">See Less<\/span><\/a><\/span>\n\n<\/div>\n\n<p class=\"cff-media-link\">\n\t<a href=\"https:\/\/www.facebook.com\/photo.php?fbid=1202469855016110&#038;set=a.488076213122148&#038;type=3\" target=\"_blank\" style=\"color: #\">\n\t\t<span style=\"padding-right: 5px;\" class=\"fa fas fa-picture-o fa-image\"><\/span>Photo\t<\/a>\n<\/p>\n\t\t<div class=\"cff-post-links\">\n\t\t\t\t\t<a class=\"cff-viewpost-facebook\" href=\"https:\/\/www.facebook.com\/photo.php?fbid=1202469855016110&#038;set=a.488076213122148&#038;type=3\" title=\"View on Facebook\" target=\"_blank\" rel=\"nofollow noopener\" >View on Facebook<\/a>\n\t\t\t\t\t\t\t<div class=\"cff-share-container\">\n\t\t\t\t\t\t\t\t\t<span class=\"cff-dot\" >&middot;<\/span>\n\t\t\t\t\t\t\t\t<a class=\"cff-share-link\" href=\"https:\/\/www.facebook.com\/sharer\/sharer.php?u=https%3A%2F%2Fwww.facebook.com%2Fphoto.php%3Ffbid%3D1202469855016110%26amp%3Bset%3Da.488076213122148%26amp%3Btype%3D3\" title=\"Share\" >Share<\/a>\n\t\t\t\t<p class=\"cff-share-tooltip\">\n\t\t\t\t\t\t\t\t\t\t\t<a href=\"https:\/\/www.facebook.com\/sharer\/sharer.php?u=https%3A%2F%2Fwww.facebook.com%2Fphoto.php%3Ffbid%3D1202469855016110%26amp%3Bset%3Da.488076213122148%26amp%3Btype%3D3\" target=\"_blank\" rel=\"noopener noreferrer\" class=\"cff-facebook-icon\">\n\t\t\t\t\t\t\t<span class=\"fa fab fa-facebook-square\" aria-hidden=\"true\"><\/span>\n\t\t\t\t\t\t\t<span class=\"cff-screenreader\">Share on Facebook<\/span>\n\t\t\t\t\t\t<\/a>\n\t\t\t\t\t\t\t\t\t\t\t<a href=\"https:\/\/twitter.com\/intent\/tweet?text=https%3A%2F%2Fwww.facebook.com%2Fphoto.php%3Ffbid%3D1202469855016110%26amp%3Bset%3Da.488076213122148%26amp%3Btype%3D3\" target=\"_blank\" rel=\"noopener noreferrer\" class=\"cff-twitter-icon\">\n\t\t\t\t\t\t\t<span class=\"fa fab fa-twitter\" aria-hidden=\"true\"><\/span>\n\t\t\t\t\t\t\t<span class=\"cff-screenreader\">Share on Twitter<\/span>\n\t\t\t\t\t\t<\/a>\n\t\t\t\t\t\t\t\t\t\t\t<a href=\"https:\/\/www.linkedin.com\/shareArticle?mini=true&#038;url=https%3A%2F%2Fwww.facebook.com%2Fphoto.php%3Ffbid%3D1202469855016110%26amp%3Bset%3Da.488076213122148%26amp%3Btype%3D3&#038;title=%09%09%09Kukulele%2010%20v%20festariviikko%20on%20alkanut%21%09%09%09%09\" target=\"_blank\" rel=\"noopener noreferrer\" class=\"cff-linkedin-icon\">\n\t\t\t\t\t\t\t<span class=\"fa fab fa-linkedin\" aria-hidden=\"true\"><\/span>\n\t\t\t\t\t\t\t<span class=\"cff-screenreader\">Share on Linked In<\/span>\n\t\t\t\t\t\t<\/a>\n\t\t\t\t\t\t\t\t\t\t\t<a href=\"mailto:?subject=Facebook&#038;body=https%3A%2F%2Fwww.facebook.com%2Fphoto.php%3Ffbid%3D1202469855016110%26amp%3Bset%3Da.488076213122148%26amp%3Btype%3D3%20-%20%0A%0A%09%0A%09%09Kukulele%2010%20v%20festariviikko%20on%20alkanut%21%09%09%09%0A%09\" target=\"_blank\" rel=\"noopener noreferrer\" class=\"cff-email-icon\">\n\t\t\t\t\t\t\t<span class=\"fa fab fa-envelope\" aria-hidden=\"true\"><\/span>\n\t\t\t\t\t\t\t<span class=\"cff-screenreader\">Share by Email<\/span>\n\t\t\t\t\t\t<\/a>\n\t\t\t\t\t\t\t\t\t<\/p>\n\t\t\t<\/div>\n\t\t\t<\/div>\n\t<\/div>\n\n\n\n<div id=\"cff_803962709664816_1201773648419064\" class=\"cff-item cff-status-post cff-album author-kukulele\"  style=\"border-bottom: 1px solid #ddd;\">\n\t<div class=\"cff-author\">\n\t<div class=\"cff-author-text\">\n\t\t\t\t\t<div class=\"cff-page-name cff-author-date\" >\n\t\t\t\t<a href=\"https:\/\/facebook.com\/803962709664816\" target=\"_blank\" rel=\"nofollow noopener\" >Kukulele<\/a>\n\t\t\t\t<span class=\"cff-story\"> <\/span>\n\t\t\t<\/div>\n\t\t\t\n<p class=\"cff-date\" > 9 months ago <\/p>\n\t\t\t<\/div>\n\t<div class=\"cff-author-img \" data-avatar=\"https:\/\/scontent-hel3-1.xx.fbcdn.net\/v\/t39.30808-1\/297375420_507329781196791_3969093464410182093_n.jpg?stp=cp0_dst-jpg_s50x50_tt6&#038;_nc_cat=103&#038;ccb=1-7&#038;_nc_sid=f907e8&#038;_nc_ohc=7z4Jr82iDYUQ7kNvwGWqEDv&#038;_nc_oc=AdpX3cuPfCIK925qs5WRq2sz8OyqktV3TKu7u2GxJsIf2HJh1J2UYxrmo6BPBoC_JhY&#038;_nc_zt=24&#038;_nc_ht=scontent-hel3-1.xx&#038;edm=AKIiGfEEAAAA&#038;_nc_gid=Jc69cvmsin_-fM-ixb8i4g&#038;_nc_tpa=Q5bMBQEL0yiPHCsYzsLYYQppVHUtQavcOG3CAH3SGqxp32Nr3DgKf6ndzIiqeYn_26X-VenV0VxYP0T9qA&#038;oh=00_Af4r3uJARoMocbyq4fkH6Rxpkh7MvvJlhl8OVBydRBmPUw&#038;oe=69FA08E4\">\n\t\t<a href=\"https:\/\/facebook.com\/803962709664816\" target=\"_blank\" rel=\"nofollow noopener\" ><img decoding=\"async\" src=\"https:\/\/scontent-hel3-1.xx.fbcdn.net\/v\/t39.30808-1\/297375420_507329781196791_3969093464410182093_n.jpg?stp=cp0_dst-jpg_s50x50_tt6&#038;_nc_cat=103&#038;ccb=1-7&#038;_nc_sid=f907e8&#038;_nc_ohc=7z4Jr82iDYUQ7kNvwGWqEDv&#038;_nc_oc=AdpX3cuPfCIK925qs5WRq2sz8OyqktV3TKu7u2GxJsIf2HJh1J2UYxrmo6BPBoC_JhY&#038;_nc_zt=24&#038;_nc_ht=scontent-hel3-1.xx&#038;edm=AKIiGfEEAAAA&#038;_nc_gid=Jc69cvmsin_-fM-ixb8i4g&#038;_nc_tpa=Q5bMBQEL0yiPHCsYzsLYYQppVHUtQavcOG3CAH3SGqxp32Nr3DgKf6ndzIiqeYn_26X-VenV0VxYP0T9qA&#038;oh=00_Af4r3uJARoMocbyq4fkH6Rxpkh7MvvJlhl8OVBydRBmPUw&#038;oe=69FA08E4\" title=\"Kukulele\" alt=\"Kukulele\" width=40 height=40 onerror=\"this.style.display='none'\"><\/a>\n\t<\/div>\n<\/div>\n\n<div class=\"cff-post-text\" >\n\t<span class=\"cff-text\" data-color=\"\">\n\t\tBingo ! \ud83c\udfaf<img class=\"cff-linebreak\" \/>Huomenna starttaa Kukulelen juhlaviikko \ud83e\udd73 <img class=\"cff-linebreak\" \/>Aloitetaan juhlinta Kukulelebingolla tiistaina 29.7. klo 14, paikkana ravintola Noki !<img class=\"cff-linebreak\" \/>Tulkee mukaan viihtym\u00e4\u00e4n, joka bingolla voittaa. Palkintoja tarjolla runsaasti erilaisia \ud83e\udd29<img class=\"cff-linebreak\" \/>Bingoem\u00e4nt\u00e4n\u00e4 the one and only Raija \u2728 <img class=\"cff-linebreak\" \/><img class=\"cff-linebreak\" \/>T\u00e4st\u00e4 se l\u00e4htee \ud83e\udd2a\ud83d\udcaf\ud83c\udf89 <img class=\"cff-linebreak\" \/><img class=\"cff-linebreak\" \/>Bingoterveisin,<img class=\"cff-linebreak\" \/>Siru, ukel\u00e4hettil\u00e4s <img class=\"cff-linebreak\" \/><img class=\"cff-linebreak\" \/><a href=\"https:\/\/facebook.com\/24956654260592075\">#ravintolanoki<\/a> <a href=\"https:\/\/facebook.com\/640939749255395\">#kukulele<\/a> <a href=\"https:\/\/facebook.com\/24559696613638144\">#kukulele10v<\/a> <a href=\"https:\/\/facebook.com\/502689879798049\">#karkkila<\/a> <a href=\"https:\/\/facebook.com\/1638234226193878\">#karkkilanukuleleyhdistys<\/a> <a href=\"https:\/\/facebook.com\/24514191718172866\">#kukulelebingo<\/a> <a href=\"https:\/\/facebook.com\/916007135107941\">#karkkilassatapahtuu<\/a> <a href=\"https:\/\/facebook.com\/5492141157516583\">#kukulelefestivaali<\/a>\t\t\t<\/span>\n\t<span class=\"cff-expand\">... <a href=\"#\" style=\"color: #\"><span class=\"cff-more\">See More<\/span><span class=\"cff-less\">See Less<\/span><\/a><\/span>\n\n<\/div>\n\n<p class=\"cff-media-link\">\n\t<a href=\"https:\/\/www.facebook.com\/492920689304367\/posts\/1201773648419064\" target=\"_blank\" style=\"color: #\">\n\t\t<span style=\"padding-right: 5px;\" class=\"fa fas fa-picture-o fa-image\"><\/span>Photo\t<\/a>\n<\/p>\n\t\t<div class=\"cff-post-links\">\n\t\t\t\t\t<a class=\"cff-viewpost-facebook\" href=\"https:\/\/www.facebook.com\/492920689304367\/posts\/1201773648419064\" title=\"View on Facebook\" target=\"_blank\" rel=\"nofollow noopener\" >View on Facebook<\/a>\n\t\t\t\t\t\t\t<div class=\"cff-share-container\">\n\t\t\t\t\t\t\t\t\t<span class=\"cff-dot\" >&middot;<\/span>\n\t\t\t\t\t\t\t\t<a class=\"cff-share-link\" href=\"https:\/\/www.facebook.com\/sharer\/sharer.php?u=https%3A%2F%2Fwww.facebook.com%2F492920689304367%2Fposts%2F1201773648419064\" title=\"Share\" >Share<\/a>\n\t\t\t\t<p class=\"cff-share-tooltip\">\n\t\t\t\t\t\t\t\t\t\t\t<a href=\"https:\/\/www.facebook.com\/sharer\/sharer.php?u=https%3A%2F%2Fwww.facebook.com%2F492920689304367%2Fposts%2F1201773648419064\" target=\"_blank\" rel=\"noopener noreferrer\" class=\"cff-facebook-icon\">\n\t\t\t\t\t\t\t<span class=\"fa fab fa-facebook-square\" aria-hidden=\"true\"><\/span>\n\t\t\t\t\t\t\t<span class=\"cff-screenreader\">Share on Facebook<\/span>\n\t\t\t\t\t\t<\/a>\n\t\t\t\t\t\t\t\t\t\t\t<a href=\"https:\/\/twitter.com\/intent\/tweet?text=https%3A%2F%2Fwww.facebook.com%2F492920689304367%2Fposts%2F1201773648419064\" target=\"_blank\" rel=\"noopener noreferrer\" class=\"cff-twitter-icon\">\n\t\t\t\t\t\t\t<span class=\"fa fab fa-twitter\" aria-hidden=\"true\"><\/span>\n\t\t\t\t\t\t\t<span class=\"cff-screenreader\">Share on Twitter<\/span>\n\t\t\t\t\t\t<\/a>\n\t\t\t\t\t\t\t\t\t\t\t<a href=\"https:\/\/www.linkedin.com\/shareArticle?mini=true&#038;url=https%3A%2F%2Fwww.facebook.com%2F492920689304367%2Fposts%2F1201773648419064&#038;title=%09%09%09Bingo%20%21%20%F0%9F%8E%AFHuomenna%20starttaa%20Kukulelen%20juhlaviikko%20%F0%9F%A5%B3%20Aloitetaan%20juhlinta%20Kukulelebingolla%20tiistaina%2029.7.%20klo%2014%2C%20paikkana%20ravintola%20Noki%20%21Tulkee%20mukaan%20viihtym%C3%A4%C3%A4n%2C%20joka%20bingolla%20voittaa.%20Palkintoja%20tarjolla%20runsaasti%20erilaisia%20%F0%9F%A4%A9Bingoem%C3%A4nt%C3%A4n%C3%A4%20the%20one%20and%20only%20Raija%20%E2%9C%A8%20T%C3%A4st%C3%A4%20se%20l%C3%A4htee%20%F0%9F%A4%AA%F0%9F%92%AF%F0%9F%8E%89%20Bingoterveisin%2CSiru%2C%20ukel%C3%A4hettil%C3%A4s%20%23ravintolanoki%20%23kukulele%20%23kukulele10v%20%23karkkila%20%23karkkilanukuleleyhdistys%20%23kukulelebingo%20%23karkkilassatapahtuu%20%23kukulelefestivaali%09%09%09%09\" target=\"_blank\" rel=\"noopener noreferrer\" class=\"cff-linkedin-icon\">\n\t\t\t\t\t\t\t<span class=\"fa fab fa-linkedin\" aria-hidden=\"true\"><\/span>\n\t\t\t\t\t\t\t<span class=\"cff-screenreader\">Share on Linked In<\/span>\n\t\t\t\t\t\t<\/a>\n\t\t\t\t\t\t\t\t\t\t\t<a href=\"mailto:?subject=Facebook&#038;body=https%3A%2F%2Fwww.facebook.com%2F492920689304367%2Fposts%2F1201773648419064%20-%20%0A%0A%09%0A%09%09Bingo%20%21%20%F0%9F%8E%AFHuomenna%20starttaa%20Kukulelen%20juhlaviikko%20%F0%9F%A5%B3%20Aloitetaan%20juhlinta%20Kukulelebingolla%20tiistaina%2029.7.%20klo%2014%2C%20paikkana%20ravintola%20Noki%20%21Tulkee%20mukaan%20viihtym%C3%A4%C3%A4n%2C%20joka%20bingolla%20voittaa.%20Palkintoja%20tarjolla%20runsaasti%20erilaisia%20%F0%9F%A4%A9Bingoem%C3%A4nt%C3%A4n%C3%A4%20the%20one%20and%20only%20Raija%20%E2%9C%A8%20T%C3%A4st%C3%A4%20se%20l%C3%A4htee%20%F0%9F%A4%AA%F0%9F%92%AF%F0%9F%8E%89%20Bingoterveisin%2CSiru%2C%20ukel%C3%A4hettil%C3%A4s%20%23ravintolanoki%20%23kukulele%20%23kukulele10v%20%23karkkila%20%23karkkilanukuleleyhdistys%20%23kukulelebingo%20%23karkkilassatapahtuu%20%23kukulelefestivaali%09%09%09%0A%09\" target=\"_blank\" rel=\"noopener noreferrer\" class=\"cff-email-icon\">\n\t\t\t\t\t\t\t<span class=\"fa fab fa-envelope\" aria-hidden=\"true\"><\/span>\n\t\t\t\t\t\t\t<span class=\"cff-screenreader\">Share by Email<\/span>\n\t\t\t\t\t\t<\/a>\n\t\t\t\t\t\t\t\t\t<\/p>\n\t\t\t<\/div>\n\t\t\t<\/div>\n\t<\/div>\n\n\n\n<div id=\"cff_803962709664816_1197795755483520\" class=\"cff-item cff-photo-post author-kukulele\"  style=\"border-bottom: 1px solid #ddd;\">\n\t<div class=\"cff-author\">\n\t<div class=\"cff-author-text\">\n\t\t\t\t\t<div class=\"cff-page-name cff-author-date\" >\n\t\t\t\t<a href=\"https:\/\/facebook.com\/803962709664816\" target=\"_blank\" rel=\"nofollow noopener\" >Kukulele<\/a>\n\t\t\t\t<span class=\"cff-story\"> <\/span>\n\t\t\t<\/div>\n\t\t\t\n<p class=\"cff-date\" > 9 months ago <\/p>\n\t\t\t<\/div>\n\t<div class=\"cff-author-img \" data-avatar=\"https:\/\/scontent-hel3-1.xx.fbcdn.net\/v\/t39.30808-1\/297375420_507329781196791_3969093464410182093_n.jpg?stp=cp0_dst-jpg_s50x50_tt6&#038;_nc_cat=103&#038;ccb=1-7&#038;_nc_sid=f907e8&#038;_nc_ohc=7z4Jr82iDYUQ7kNvwGWqEDv&#038;_nc_oc=AdpX3cuPfCIK925qs5WRq2sz8OyqktV3TKu7u2GxJsIf2HJh1J2UYxrmo6BPBoC_JhY&#038;_nc_zt=24&#038;_nc_ht=scontent-hel3-1.xx&#038;edm=AKIiGfEEAAAA&#038;_nc_gid=Jc69cvmsin_-fM-ixb8i4g&#038;_nc_tpa=Q5bMBQEL0yiPHCsYzsLYYQppVHUtQavcOG3CAH3SGqxp32Nr3DgKf6ndzIiqeYn_26X-VenV0VxYP0T9qA&#038;oh=00_Af4r3uJARoMocbyq4fkH6Rxpkh7MvvJlhl8OVBydRBmPUw&#038;oe=69FA08E4\">\n\t\t<a href=\"https:\/\/facebook.com\/803962709664816\" target=\"_blank\" rel=\"nofollow noopener\" ><img decoding=\"async\" src=\"https:\/\/scontent-hel3-1.xx.fbcdn.net\/v\/t39.30808-1\/297375420_507329781196791_3969093464410182093_n.jpg?stp=cp0_dst-jpg_s50x50_tt6&#038;_nc_cat=103&#038;ccb=1-7&#038;_nc_sid=f907e8&#038;_nc_ohc=7z4Jr82iDYUQ7kNvwGWqEDv&#038;_nc_oc=AdpX3cuPfCIK925qs5WRq2sz8OyqktV3TKu7u2GxJsIf2HJh1J2UYxrmo6BPBoC_JhY&#038;_nc_zt=24&#038;_nc_ht=scontent-hel3-1.xx&#038;edm=AKIiGfEEAAAA&#038;_nc_gid=Jc69cvmsin_-fM-ixb8i4g&#038;_nc_tpa=Q5bMBQEL0yiPHCsYzsLYYQppVHUtQavcOG3CAH3SGqxp32Nr3DgKf6ndzIiqeYn_26X-VenV0VxYP0T9qA&#038;oh=00_Af4r3uJARoMocbyq4fkH6Rxpkh7MvvJlhl8OVBydRBmPUw&#038;oe=69FA08E4\" title=\"Kukulele\" alt=\"Kukulele\" width=40 height=40 onerror=\"this.style.display='none'\"><\/a>\n\t<\/div>\n<\/div>\n\n<div class=\"cff-post-text\" >\n\t<span class=\"cff-text\" data-color=\"\">\n\t\tTulossa Kukulele 10 v festivaaleille: Minneka. <img class=\"cff-linebreak\" \/>Olemme Minneka eli Milla, Viveka ja Janne Karkkilasta, Lohjalta ja Kirkkonummelta Uudeltamaalta. Soitamme l\u00e4hinn\u00e4 omaa musiikkia, herkk\u00e4\u00e4 ja hempe\u00e4\u00e4, ja muuta mist\u00e4 tykk\u00e4\u00e4mme.\t\t\t<\/span>\n\t<span class=\"cff-expand\">... <a href=\"#\" style=\"color: #\"><span class=\"cff-more\">See More<\/span><span class=\"cff-less\">See Less<\/span><\/a><\/span>\n\n<\/div>\n\n<p class=\"cff-media-link\">\n\t<a href=\"https:\/\/www.facebook.com\/photo.php?fbid=1197795608816868&#038;set=a.488076213122148&#038;type=3\" target=\"_blank\" style=\"color: #\">\n\t\t<span style=\"padding-right: 5px;\" class=\"fa fas fa-picture-o fa-image\"><\/span>Photo\t<\/a>\n<\/p>\n\t\t<div class=\"cff-post-links\">\n\t\t\t\t\t<a class=\"cff-viewpost-facebook\" href=\"https:\/\/www.facebook.com\/photo.php?fbid=1197795608816868&#038;set=a.488076213122148&#038;type=3\" title=\"View on Facebook\" target=\"_blank\" rel=\"nofollow noopener\" >View on Facebook<\/a>\n\t\t\t\t\t\t\t<div class=\"cff-share-container\">\n\t\t\t\t\t\t\t\t\t<span class=\"cff-dot\" >&middot;<\/span>\n\t\t\t\t\t\t\t\t<a class=\"cff-share-link\" href=\"https:\/\/www.facebook.com\/sharer\/sharer.php?u=https%3A%2F%2Fwww.facebook.com%2Fphoto.php%3Ffbid%3D1197795608816868%26amp%3Bset%3Da.488076213122148%26amp%3Btype%3D3\" title=\"Share\" >Share<\/a>\n\t\t\t\t<p class=\"cff-share-tooltip\">\n\t\t\t\t\t\t\t\t\t\t\t<a href=\"https:\/\/www.facebook.com\/sharer\/sharer.php?u=https%3A%2F%2Fwww.facebook.com%2Fphoto.php%3Ffbid%3D1197795608816868%26amp%3Bset%3Da.488076213122148%26amp%3Btype%3D3\" target=\"_blank\" rel=\"noopener noreferrer\" class=\"cff-facebook-icon\">\n\t\t\t\t\t\t\t<span class=\"fa fab fa-facebook-square\" aria-hidden=\"true\"><\/span>\n\t\t\t\t\t\t\t<span class=\"cff-screenreader\">Share on Facebook<\/span>\n\t\t\t\t\t\t<\/a>\n\t\t\t\t\t\t\t\t\t\t\t<a href=\"https:\/\/twitter.com\/intent\/tweet?text=https%3A%2F%2Fwww.facebook.com%2Fphoto.php%3Ffbid%3D1197795608816868%26amp%3Bset%3Da.488076213122148%26amp%3Btype%3D3\" target=\"_blank\" rel=\"noopener noreferrer\" class=\"cff-twitter-icon\">\n\t\t\t\t\t\t\t<span class=\"fa fab fa-twitter\" aria-hidden=\"true\"><\/span>\n\t\t\t\t\t\t\t<span class=\"cff-screenreader\">Share on Twitter<\/span>\n\t\t\t\t\t\t<\/a>\n\t\t\t\t\t\t\t\t\t\t\t<a href=\"https:\/\/www.linkedin.com\/shareArticle?mini=true&#038;url=https%3A%2F%2Fwww.facebook.com%2Fphoto.php%3Ffbid%3D1197795608816868%26amp%3Bset%3Da.488076213122148%26amp%3Btype%3D3&#038;title=%09%09%09Tulossa%20Kukulele%2010%20v%20festivaaleille%3A%20Minneka.%20Olemme%20Minneka%20eli%20Milla%2C%20Viveka%20ja%20Janne%20Karkkilasta%2C%20Lohjalta%20ja%20Kirkkonummelta%20Uudeltamaalta.%20Soitamme%20l%C3%A4hinn%C3%A4%20omaa%20musiikkia%2C%20herkk%C3%A4%C3%A4%20ja%20hempe%C3%A4%C3%A4%2C%20ja%20muuta%20mist%C3%A4%20tykk%C3%A4%C3%A4mme.%09%09%09%09\" target=\"_blank\" rel=\"noopener noreferrer\" class=\"cff-linkedin-icon\">\n\t\t\t\t\t\t\t<span class=\"fa fab fa-linkedin\" aria-hidden=\"true\"><\/span>\n\t\t\t\t\t\t\t<span class=\"cff-screenreader\">Share on Linked In<\/span>\n\t\t\t\t\t\t<\/a>\n\t\t\t\t\t\t\t\t\t\t\t<a href=\"mailto:?subject=Facebook&#038;body=https%3A%2F%2Fwww.facebook.com%2Fphoto.php%3Ffbid%3D1197795608816868%26amp%3Bset%3Da.488076213122148%26amp%3Btype%3D3%20-%20%0A%0A%09%0A%09%09Tulossa%20Kukulele%2010%20v%20festivaaleille%3A%20Minneka.%20Olemme%20Minneka%20eli%20Milla%2C%20Viveka%20ja%20Janne%20Karkkilasta%2C%20Lohjalta%20ja%20Kirkkonummelta%20Uudeltamaalta.%20Soitamme%20l%C3%A4hinn%C3%A4%20omaa%20musiikkia%2C%20herkk%C3%A4%C3%A4%20ja%20hempe%C3%A4%C3%A4%2C%20ja%20muuta%20mist%C3%A4%20tykk%C3%A4%C3%A4mme.%09%09%09%0A%09\" target=\"_blank\" rel=\"noopener noreferrer\" class=\"cff-email-icon\">\n\t\t\t\t\t\t\t<span class=\"fa fab fa-envelope\" aria-hidden=\"true\"><\/span>\n\t\t\t\t\t\t\t<span class=\"cff-screenreader\">Share by Email<\/span>\n\t\t\t\t\t\t<\/a>\n\t\t\t\t\t\t\t\t\t<\/p>\n\t\t\t<\/div>\n\t\t\t<\/div>\n\t<\/div>\n\n\n\n\n<div class=\"cff-likebox cff-bottom\" >\n\t\t<iframe title=\"Likebox Iframe\" src=\"\" class=\"fb_iframe_widget\" data-likebox-id=\"803962709664816\" data-likebox-width=\"300\" data-likebox-header=\"\" data-hide-cover=\"\" data-hide-cta=\"\" data-likebox-faces=\"\" data-height=\"130\" data-locale=\"fi_FI\" scrolling=\"no\" allowTransparency=\"true\" allow=\"encrypted-media\" ><\/iframe>\n<\/div>\n<\/div><input class=\"cff-pag-url\" type=\"hidden\" data-locatornonce=\"dc98932abf\" data-cff-shortcode=\"{&quot;feed&quot;: &quot;1&quot;}\" data-post-id=\"302\" data-feed-id=\"803962709664816\"><\/div><\/div><div class=\"cff-clear\"><\/div><\/div>\n<\/div>\n\n\n\n<h3 class=\"wp-block-heading has-black-color has-text-color has-link-color wp-elements-f1766fa13fc5e213d0c400c5e0bb8820\" id=\"ukulele-yhdistaa-kaikki-perjantaina-ja-lauantaina-2-3-8-2019tervetuloa-karkkilaan-suomen-ukulelepaakaupunkiin\"><strong>Karkkila &#8211; Suomen ukulelep\u00e4\u00e4kaupunki!<\/strong><\/h3>\n\n\n\n<div class=\"wp-block-group is-nowrap is-layout-flex wp-container-core-group-is-layout-ad2f72ca wp-block-group-is-layout-flex\">\n<div class=\"wp-block-columns is-layout-flex wp-container-core-columns-is-layout-9d6595d7 wp-block-columns-is-layout-flex\">\n<div class=\"wp-block-column is-layout-flow wp-block-column-is-layout-flow\"><\/div>\n<\/div>\n\n\n\n<p>Kukulele 10 vuotta!<br>L\u00e4mminhenkisess\u00e4 festarissa kohtaavat kaupunkilaiset, lomailijat, ukulelen soittajat sek\u00e4 musiikin yst\u00e4v\u00e4t kautta maan.<br>Tiistaina bingoilllaan, perjantaina kirkkokonsertti ja lauantaina koko perheen p\u00e4iv\u00e4tapahtuma Ala-Emalin Konepajahallissa. Tarjolla on monentyylist\u00e4 ukeilua mutkattomalla meiningill\u00e4.&nbsp;<\/p>\n<\/div>\n\n\n\n<div class=\"wp-block-group is-nowrap is-layout-flex wp-container-core-group-is-layout-ad2f72ca wp-block-group-is-layout-flex\"><\/div>\n\n\n\n<h4 class=\"wp-block-heading has-black-color has-text-color has-link-color wp-elements-8ddfccf5a8a7925e1201db30077c6373\"><strong>Kukulelen tapahtumapaikat ovat:<\/strong><\/h4>\n\n\n\n<h5 class=\"wp-block-heading has-accent-color has-text-color has-link-color wp-elements-2235112298af7ea30aa62f14d9c9aa89\"><strong>Tiistai 29.7. klo 14:00<\/strong><br>Perinteinen kukulelebingo + kahvikonsertti. Paikka: Ravintola Noki, Tammelantie 4-6, Karkkila.<\/h5>\n\n\n\n<h5 class=\"wp-block-heading has-accent-color has-text-color has-link-color wp-elements-ff45cd46b0f9f86c85066fe63b873287\"><strong><strong><strong>Perjantai 1.8. klo 18:30<\/strong><\/strong><\/strong><br>Karkkilan kirkko \u2013 Karkkilan I Ukuleleorkesteri ja vierailijat<\/h5>\n\n\n\n<h5 class=\"wp-block-heading has-accent-color has-text-color has-link-color wp-elements-082d31b628a58ea9efbdfec3f3663392\"><strong><strong><strong><strong>Lauantai 2.8. klo 11:00 alkaen <\/strong><\/strong><\/strong><\/strong><br>Konepajahalli. Monenlaista ukulelemusiikkia iskelm\u00e4st\u00e4 rockiin, ja jotain muuta.<br><strong>Kukulele2025 &#8211; 10-vuotisjuhlaa pukkaa!<\/strong><\/h5>\n\n\n\n<div class=\"wp-block-columns is-layout-flex wp-container-core-columns-is-layout-9d6595d7 wp-block-columns-is-layout-flex\">\n<div class=\"wp-block-column is-layout-flow wp-block-column-is-layout-flow\"><\/div>\n\n\n\n<div class=\"wp-block-column is-layout-flow wp-block-column-is-layout-flow\"><\/div>\n<\/div>\n","protected":false},"excerpt":{"rendered":"<p>T\u00e4st\u00e4 voit jatkossa lukea kes\u00e4n 2026 tietoja, nyt viel\u00e4 viime kes\u00e4n juttuja n\u00e4kyvill\u00e4. 1.8. &#8211; 2.8.2025 Kukulele 10 vuotta! Kukulele-bingo tiistaina 29.7.2025 Paikkana ravintola Noki Kirkkokonsertti perjantaina 1.8.2025 Kukulele-festivaali lauantaina 2.8.2025Ala-Emali, KonepajasaliEsiintyj\u00e4t:CappuccinoKarkkilan I UkuleleorkesteriKouvolan uketUkulissutOld Man\u2019s TaleHiidukeU3TervauketUkulele AlisaVan UkeLauantain ei-toivotutSalohaSakari Kuosmanen + Engberg &amp; Julkunen Lis\u00e4\u00e4 esiintyji\u00e4 tulossa! Karkkila &#8211; Suomen ukulelep\u00e4\u00e4kaupunki! Kukulele 10 vuotta!L\u00e4mminhenkisess\u00e4&#8230;<\/p>\n","protected":false},"author":1,"featured_media":0,"parent":0,"menu_order":0,"comment_status":"closed","ping_status":"open","template":"","meta":{"_kadence_starter_templates_imported_post":false,"_kad_post_transparent":"disable","_kad_post_title":"","_kad_post_layout":"right","_kad_post_sidebar_id":"","_kad_post_content_style":"unboxed","_kad_post_vertical_padding":"","_kad_post_feature":"","_kad_post_feature_position":"","_kad_post_header":false,"_kad_post_footer":false,"_kad_post_classname":"","footnotes":""},"class_list":["post-302","page","type-page","status-publish","hentry"],"_links":{"self":[{"href":"https:\/\/kukulele.net\/index.php?rest_route=\/wp\/v2\/pages\/302","targetHints":{"allow":["GET"]}}],"collection":[{"href":"https:\/\/kukulele.net\/index.php?rest_route=\/wp\/v2\/pages"}],"about":[{"href":"https:\/\/kukulele.net\/index.php?rest_route=\/wp\/v2\/types\/page"}],"author":[{"embeddable":true,"href":"https:\/\/kukulele.net\/index.php?rest_route=\/wp\/v2\/users\/1"}],"replies":[{"embeddable":true,"href":"https:\/\/kukulele.net\/index.php?rest_route=%2Fwp%2Fv2%2Fcomments&post=302"}],"version-history":[{"count":29,"href":"https:\/\/kukulele.net\/index.php?rest_route=\/wp\/v2\/pages\/302\/revisions"}],"predecessor-version":[{"id":751,"href":"https:\/\/kukulele.net\/index.php?rest_route=\/wp\/v2\/pages\/302\/revisions\/751"}],"wp:attachment":[{"href":"https:\/\/kukulele.net\/index.php?rest_route=%2Fwp%2Fv2%2Fmedia&parent=302"}],"curies":[{"name":"wp","href":"https:\/\/api.w.org\/{rel}","templated":true}]}}